{"id":3266,"date":"2020-01-21T06:06:32","date_gmt":"2020-01-21T09:06:32","guid":{"rendered":"https:\/\/fraternidadesemfronteiras.ch\/campanhas\/"},"modified":"2023-08-09T18:11:19","modified_gmt":"2023-08-09T21:11:19","slug":"campanhas","status":"publish","type":"page","link":"https:\/\/fraternidadesemfronteiras.ch\/it\/campanhas\/","title":{"rendered":"Campagne"},"content":{"rendered":"\t\t<div data-elementor-type=\"wp-page\" data-elementor-id=\"3266\" class=\"elementor elementor-3266 elementor-2429\" data-elementor-post-type=\"page\">\n\t\t\t\t\t\t<section class=\"elementor-section elementor-top-section elementor-element elementor-element-2014224e elementor-section-boxed elementor-section-height-default elementor-section-height-default\" data-id=\"2014224e\" data-element_type=\"section\" data-e-type=\"section\">\n\t\t\t\t\t\t<div class=\"elementor-container elementor-column-gap-default\">\n\t\t\t\t\t<div class=\"elementor-column elementor-col-100 elementor-top-column elementor-element elementor-element-49835979\" data-id=\"49835979\" data-element_type=\"column\" data-e-type=\"column\">\n\t\t\t<div class=\"elementor-widget-wrap elementor-element-populated\">\n\t\t\t\t\t\t<div class=\"elementor-element elementor-element-12502ac8 elementor-widget elementor-widget-heading\" data-id=\"12502ac8\" data-element_type=\"widget\" data-e-type=\"widget\" data-widget_type=\"heading.default\">\n\t\t\t\t<div class=\"elementor-widget-container\">\n\t\t\t\t\t<h1 class=\"elementor-heading-title elementor-size-default\">Campagne<\/h1>\t\t\t\t<\/div>\n\t\t\t\t<\/div>\n\t\t\t\t<div class=\"elementor-element elementor-element-73af7bf4 elementor-widget elementor-widget-heading\" data-id=\"73af7bf4\" data-element_type=\"widget\" data-e-type=\"widget\" data-widget_type=\"heading.default\">\n\t\t\t\t<div class=\"elementor-widget-container\">\n\t\t\t\t\t<h2 class=\"elementor-heading-title elementor-size-default\">Rimani aggiornato sulle azioni di Fraternit\u00e0 senza frontiere<\/h2>\t\t\t\t<\/div>\n\t\t\t\t<\/div>\n\t\t\t\t\t<\/div>\n\t\t<\/div>\n\t\t\t\t\t<\/div>\n\t\t<\/section>\n\t\t\t\t<section class=\"elementor-section elementor-top-section elementor-element elementor-element-3138ef8a elementor-section-boxed elementor-section-height-default elementor-section-height-default\" data-id=\"3138ef8a\" data-element_type=\"section\" data-e-type=\"section\">\n\t\t\t\t\t\t<div class=\"elementor-container elementor-column-gap-default\">\n\t\t\t\t\t<div class=\"elementor-column elementor-col-100 elementor-top-column elementor-element elementor-element-75d370f1\" data-id=\"75d370f1\" data-element_type=\"column\" data-e-type=\"column\">\n\t\t\t<div class=\"elementor-widget-wrap elementor-element-populated\">\n\t\t\t\t\t\t<div class=\"elementor-element elementor-element-3093fdbf elementor-grid-3 elementor-grid-tablet-2 elementor-grid-mobile-1 elementor-posts--thumbnail-top elementor-card-shadow-yes elementor-posts__hover-gradient elementor-widget elementor-widget-posts\" data-id=\"3093fdbf\" data-element_type=\"widget\" data-e-type=\"widget\" data-settings=\"{&quot;cards_columns&quot;:&quot;3&quot;,&quot;cards_columns_tablet&quot;:&quot;2&quot;,&quot;cards_columns_mobile&quot;:&quot;1&quot;,&quot;cards_row_gap&quot;:{&quot;unit&quot;:&quot;px&quot;,&quot;size&quot;:35,&quot;sizes&quot;:[]},&quot;cards_row_gap_tablet&quot;:{&quot;unit&quot;:&quot;px&quot;,&quot;size&quot;:&quot;&quot;,&quot;sizes&quot;:[]},&quot;cards_row_gap_mobile&quot;:{&quot;unit&quot;:&quot;px&quot;,&quot;size&quot;:&quot;&quot;,&quot;sizes&quot;:[]}}\" data-widget_type=\"posts.cards\">\n\t\t\t\t<div class=\"elementor-widget-container\">\n\t\t\t\t\t\t\t<div class=\"elementor-posts-container elementor-posts elementor-posts--skin-cards elementor-grid\" role=\"list\">\n\t\t\t\t<article class=\"elementor-post elementor-grid-item post-9356 campanha type-campanha status-publish has-post-thumbnail hentry\" role=\"listitem\">\n\t\t\t<div class=\"elementor-post__card\">\n\t\t\t\t<a class=\"elementor-post__thumbnail__link\" href=\"https:\/\/fraternidadesemfronteiras.ch\/it\/campanha\/centro-di-chimbembe\/\" tabindex=\"-1\" ><div class=\"elementor-post__thumbnail\"><img fetchpriority=\"high\" decoding=\"async\" width=\"300\" height=\"214\" src=\"https:\/\/fraternidadesemfronteiras.ch\/wp-content\/uploads\/2025\/07\/Banner-300x214.webp\" class=\"attachment-medium size-medium wp-image-9266\" alt=\"\" srcset=\"https:\/\/fraternidadesemfronteiras.ch\/wp-content\/uploads\/2025\/07\/Banner-300x214.webp 300w, https:\/\/fraternidadesemfronteiras.ch\/wp-content\/uploads\/2025\/07\/Banner-768x547.webp 768w, https:\/\/fraternidadesemfronteiras.ch\/wp-content\/uploads\/2025\/07\/Banner-500x356.webp 500w, https:\/\/fraternidadesemfronteiras.ch\/wp-content\/uploads\/2025\/07\/Banner-700x498.webp 700w, https:\/\/fraternidadesemfronteiras.ch\/wp-content\/uploads\/2025\/07\/Banner.webp 843w\" sizes=\"(max-width: 300px) 100vw, 300px\" \/><\/div><\/a>\n\t\t\t\t<div class=\"elementor-post__text\">\n\t\t\t\t<h3 class=\"elementor-post__title\">\n\t\t\t<a href=\"https:\/\/fraternidadesemfronteiras.ch\/it\/campanha\/centro-di-chimbembe\/\" >\n\t\t\t\tCentro di Chimbembe\t\t\t<\/a>\n\t\t<\/h3>\n\t\t\n\t\t<a class=\"elementor-post__read-more\" href=\"https:\/\/fraternidadesemfronteiras.ch\/it\/campanha\/centro-di-chimbembe\/\" aria-label=\"Leggi tutto Centro di Chimbembe\" tabindex=\"-1\" >\n\t\t\t Leggi di pi\u00f9 \u00bb\t\t<\/a>\n\n\t\t\t\t<\/div>\n\t\t\t\t\t<\/div>\n\t\t<\/article>\n\t\t\t\t<article class=\"elementor-post elementor-grid-item post-7769 campanha type-campanha status-publish has-post-thumbnail hentry\" role=\"listitem\">\n\t\t\t<div class=\"elementor-post__card\">\n\t\t\t\t<a class=\"elementor-post__thumbnail__link\" href=\"https:\/\/fraternidadesemfronteiras.ch\/it\/campanha\/maes-do-campo-nacao-ubuntu-it\/\" tabindex=\"-1\" ><div class=\"elementor-post__thumbnail\"><img decoding=\"async\" width=\"300\" height=\"214\" src=\"https:\/\/fraternidadesemfronteiras.ch\/wp-content\/uploads\/2022\/10\/Banner-Ma\u0303es-do-campo-IT-2-300x214.webp\" class=\"attachment-medium size-medium wp-image-7826\" alt=\"\" srcset=\"https:\/\/fraternidadesemfronteiras.ch\/wp-content\/uploads\/2022\/10\/Banner-Ma\u0303es-do-campo-IT-2-300x214.webp 300w, https:\/\/fraternidadesemfronteiras.ch\/wp-content\/uploads\/2022\/10\/Banner-Ma\u0303es-do-campo-IT-2-768x547.webp 768w, https:\/\/fraternidadesemfronteiras.ch\/wp-content\/uploads\/2022\/10\/Banner-Ma\u0303es-do-campo-IT-2-500x356.webp 500w, https:\/\/fraternidadesemfronteiras.ch\/wp-content\/uploads\/2022\/10\/Banner-Ma\u0303es-do-campo-IT-2-700x498.webp 700w, https:\/\/fraternidadesemfronteiras.ch\/wp-content\/uploads\/2022\/10\/Banner-Ma\u0303es-do-campo-IT-2.webp 843w\" sizes=\"(max-width: 300px) 100vw, 300px\" \/><\/div><\/a>\n\t\t\t\t<div class=\"elementor-post__text\">\n\t\t\t\t<h3 class=\"elementor-post__title\">\n\t\t\t<a href=\"https:\/\/fraternidadesemfronteiras.ch\/it\/campanha\/maes-do-campo-nacao-ubuntu-it\/\" >\n\t\t\t\tMadri del campo\t\t\t<\/a>\n\t\t<\/h3>\n\t\t\n\t\t<a class=\"elementor-post__read-more\" href=\"https:\/\/fraternidadesemfronteiras.ch\/it\/campanha\/maes-do-campo-nacao-ubuntu-it\/\" aria-label=\"Leggi tutto Madri del campo\" tabindex=\"-1\" >\n\t\t\t Leggi di pi\u00f9 \u00bb\t\t<\/a>\n\n\t\t\t\t<\/div>\n\t\t\t\t\t<\/div>\n\t\t<\/article>\n\t\t\t\t<article class=\"elementor-post elementor-grid-item post-6262 campanha type-campanha status-publish has-post-thumbnail hentry\" role=\"listitem\">\n\t\t\t<div class=\"elementor-post__card\">\n\t\t\t\t<a class=\"elementor-post__thumbnail__link\" href=\"https:\/\/fraternidadesemfronteiras.ch\/it\/campanha\/quaderni-fraterni\/\" tabindex=\"-1\" ><div class=\"elementor-post__thumbnail\"><img decoding=\"async\" width=\"300\" height=\"223\" src=\"https:\/\/fraternidadesemfronteiras.ch\/wp-content\/uploads\/2021\/02\/Cadernosf-it-min-300x223.jpg\" class=\"attachment-medium size-medium wp-image-4306\" alt=\"\" srcset=\"https:\/\/fraternidadesemfronteiras.ch\/wp-content\/uploads\/2021\/02\/Cadernosf-it-min-300x223.jpg 300w, https:\/\/fraternidadesemfronteiras.ch\/wp-content\/uploads\/2021\/02\/Cadernosf-it-min-500x371.jpg 500w, https:\/\/fraternidadesemfronteiras.ch\/wp-content\/uploads\/2021\/02\/Cadernosf-it-min-200x148.jpg 200w, https:\/\/fraternidadesemfronteiras.ch\/wp-content\/uploads\/2021\/02\/Cadernosf-it-min-400x297.jpg 400w, https:\/\/fraternidadesemfronteiras.ch\/wp-content\/uploads\/2021\/02\/Cadernosf-it-min-600x445.jpg 600w, https:\/\/fraternidadesemfronteiras.ch\/wp-content\/uploads\/2021\/02\/Cadernosf-it-min.jpg 662w\" sizes=\"(max-width: 300px) 100vw, 300px\" \/><\/div><\/a>\n\t\t\t\t<div class=\"elementor-post__text\">\n\t\t\t\t<h3 class=\"elementor-post__title\">\n\t\t\t<a href=\"https:\/\/fraternidadesemfronteiras.ch\/it\/campanha\/quaderni-fraterni\/\" >\n\t\t\t\tQUADERNI FRATERNI\t\t\t<\/a>\n\t\t<\/h3>\n\t\t\n\t\t<a class=\"elementor-post__read-more\" href=\"https:\/\/fraternidadesemfronteiras.ch\/it\/campanha\/quaderni-fraterni\/\" aria-label=\"Leggi tutto QUADERNI FRATERNI\" tabindex=\"-1\" >\n\t\t\t Leggi di pi\u00f9 \u00bb\t\t<\/a>\n\n\t\t\t\t<\/div>\n\t\t\t\t\t<\/div>\n\t\t<\/article>\n\t\t\t\t<article class=\"elementor-post elementor-grid-item post-5831 campanha type-campanha status-publish has-post-thumbnail hentry\" role=\"listitem\">\n\t\t\t<div class=\"elementor-post__card\">\n\t\t\t\t<a class=\"elementor-post__thumbnail__link\" href=\"https:\/\/fraternidadesemfronteiras.ch\/it\/campanha\/acqua-per-lafrica-la-fonte-e-il-nostro-cuore\/\" tabindex=\"-1\" ><div class=\"elementor-post__thumbnail\"><img loading=\"lazy\" decoding=\"async\" width=\"300\" height=\"223\" src=\"https:\/\/fraternidadesemfronteiras.ch\/wp-content\/uploads\/2020\/07\/Site-afonte3-it-min-300x223.jpg\" class=\"attachment-medium size-medium wp-image-4072\" alt=\"\" srcset=\"https:\/\/fraternidadesemfronteiras.ch\/wp-content\/uploads\/2020\/07\/Site-afonte3-it-min-300x223.jpg 300w, https:\/\/fraternidadesemfronteiras.ch\/wp-content\/uploads\/2020\/07\/Site-afonte3-it-min-500x371.jpg 500w, https:\/\/fraternidadesemfronteiras.ch\/wp-content\/uploads\/2020\/07\/Site-afonte3-it-min-200x148.jpg 200w, https:\/\/fraternidadesemfronteiras.ch\/wp-content\/uploads\/2020\/07\/Site-afonte3-it-min-400x297.jpg 400w, https:\/\/fraternidadesemfronteiras.ch\/wp-content\/uploads\/2020\/07\/Site-afonte3-it-min-600x445.jpg 600w, https:\/\/fraternidadesemfronteiras.ch\/wp-content\/uploads\/2020\/07\/Site-afonte3-it-min.jpg 662w\" sizes=\"(max-width: 300px) 100vw, 300px\" \/><\/div><\/a>\n\t\t\t\t<div class=\"elementor-post__text\">\n\t\t\t\t<h3 class=\"elementor-post__title\">\n\t\t\t<a href=\"https:\/\/fraternidadesemfronteiras.ch\/it\/campanha\/acqua-per-lafrica-la-fonte-e-il-nostro-cuore\/\" >\n\t\t\t\tAcqua per l\u2019Africa. La fonte \u00e8 il nostro cuore\t\t\t<\/a>\n\t\t<\/h3>\n\t\t\n\t\t<a class=\"elementor-post__read-more\" href=\"https:\/\/fraternidadesemfronteiras.ch\/it\/campanha\/acqua-per-lafrica-la-fonte-e-il-nostro-cuore\/\" aria-label=\"Leggi tutto Acqua per l\u2019Africa. La fonte \u00e8 il nostro cuore\" tabindex=\"-1\" >\n\t\t\t Leggi di pi\u00f9 \u00bb\t\t<\/a>\n\n\t\t\t\t<\/div>\n\t\t\t\t\t<\/div>\n\t\t<\/article>\n\t\t\t\t<\/div>\n\t\t\n\t\t\t\t\t\t<\/div>\n\t\t\t\t<\/div>\n\t\t\t\t\t<\/div>\n\t\t<\/div>\n\t\t\t\t\t<\/div>\n\t\t<\/section>\n\t\t\t\t<\/div>\n\t\t","protected":false},"excerpt":{"rendered":"<p>Campagne Rimani aggiornato sulle azioni di Fraternit\u00e0 senza frontiere<\/p>\n","protected":false},"author":3,"featured_media":0,"parent":0,"menu_order":0,"comment_status":"closed","ping_status":"closed","template":"elementor_header_footer","meta":{"footnotes":""},"class_list":["post-3266","page","type-page","status-publish","hentry"],"yoast_head":"<!-- This site is optimized with the Yoast SEO plugin v27.4 - https:\/\/yoast.com\/product\/yoast-seo-wordpress\/ -->\n<title>Campagne - Fraternidade Sem Fronteiras<\/title>\n<meta name=\"robots\" content=\"index, follow, max-snippet:-1, max-image-preview:large, max-video-preview:-1\" \/>\n<link rel=\"canonical\" href=\"https:\/\/fraternidadesemfronteiras.ch\/campanhas\/\" \/>\n<meta property=\"og:locale\" content=\"it_IT\" \/>\n<meta property=\"og:type\" content=\"article\" \/>\n<meta property=\"og:title\" content=\"Campagne - Fraternidade Sem Fronteiras\" \/>\n<meta property=\"og:description\" content=\"Campagne Rimani aggiornato sulle azioni di Fraternit\u00e0 senza frontiere\" \/>\n<meta property=\"og:url\" content=\"https:\/\/fraternidadesemfronteiras.ch\/campanhas\/\" \/>\n<meta property=\"og:site_name\" content=\"Fraternidade Sem Fronteiras\" \/>\n<meta property=\"article:modified_time\" content=\"2023-08-09T21:11:19+00:00\" \/>\n<meta name=\"twitter:card\" content=\"summary_large_image\" \/>\n<meta name=\"twitter:label1\" content=\"Tempo di lettura stimato\" \/>\n\t<meta name=\"twitter:data1\" content=\"2 minuti\" \/>\n<script type=\"application\/ld+json\" class=\"yoast-schema-graph\">{\"@context\":\"https:\\\/\\\/schema.org\",\"@graph\":[{\"@type\":\"WebPage\",\"@id\":\"https:\\\/\\\/fraternidadesemfronteiras.ch\\\/campanhas\\\/\",\"url\":\"https:\\\/\\\/fraternidadesemfronteiras.ch\\\/campanhas\\\/\",\"name\":\"Campagne - Fraternidade Sem Fronteiras\",\"isPartOf\":{\"@id\":\"https:\\\/\\\/fraternidadesemfronteiras.ch\\\/#website\"},\"datePublished\":\"2020-01-21T09:06:32+00:00\",\"dateModified\":\"2023-08-09T21:11:19+00:00\",\"breadcrumb\":{\"@id\":\"https:\\\/\\\/fraternidadesemfronteiras.ch\\\/campanhas\\\/#breadcrumb\"},\"inLanguage\":\"it-IT\",\"potentialAction\":[{\"@type\":\"ReadAction\",\"target\":[\"https:\\\/\\\/fraternidadesemfronteiras.ch\\\/campanhas\\\/\"]}]},{\"@type\":\"BreadcrumbList\",\"@id\":\"https:\\\/\\\/fraternidadesemfronteiras.ch\\\/campanhas\\\/#breadcrumb\",\"itemListElement\":[{\"@type\":\"ListItem\",\"position\":1,\"name\":\"Home\",\"item\":\"https:\\\/\\\/fraternidadesemfronteiras.ch\\\/\"},{\"@type\":\"ListItem\",\"position\":2,\"name\":\"Campagne\"}]},{\"@type\":\"WebSite\",\"@id\":\"https:\\\/\\\/fraternidadesemfronteiras.ch\\\/#website\",\"url\":\"https:\\\/\\\/fraternidadesemfronteiras.ch\\\/\",\"name\":\"Fraternidade Sem Fronteiras\",\"description\":\"Somos uma organiza\u00e7\u00e3o humanit\u00e1ria que atua em alguns dos lugares mais pobres do planeta\",\"potentialAction\":[{\"@type\":\"SearchAction\",\"target\":{\"@type\":\"EntryPoint\",\"urlTemplate\":\"https:\\\/\\\/fraternidadesemfronteiras.ch\\\/?s={search_term_string}\"},\"query-input\":{\"@type\":\"PropertyValueSpecification\",\"valueRequired\":true,\"valueName\":\"search_term_string\"}}],\"inLanguage\":\"it-IT\"}]}<\/script>\n<!-- \/ Yoast SEO plugin. -->","yoast_head_json":{"title":"Campagne - Fraternidade Sem Fronteiras","robots":{"index":"index","follow":"follow","max-snippet":"max-snippet:-1","max-image-preview":"max-image-preview:large","max-video-preview":"max-video-preview:-1"},"canonical":"https:\/\/fraternidadesemfronteiras.ch\/campanhas\/","og_locale":"it_IT","og_type":"article","og_title":"Campagne - Fraternidade Sem Fronteiras","og_description":"Campagne Rimani aggiornato sulle azioni di Fraternit\u00e0 senza frontiere","og_url":"https:\/\/fraternidadesemfronteiras.ch\/campanhas\/","og_site_name":"Fraternidade Sem Fronteiras","article_modified_time":"2023-08-09T21:11:19+00:00","twitter_card":"summary_large_image","twitter_misc":{"Tempo di lettura stimato":"2 minuti"},"schema":{"@context":"https:\/\/schema.org","@graph":[{"@type":"WebPage","@id":"https:\/\/fraternidadesemfronteiras.ch\/campanhas\/","url":"https:\/\/fraternidadesemfronteiras.ch\/campanhas\/","name":"Campagne - Fraternidade Sem Fronteiras","isPartOf":{"@id":"https:\/\/fraternidadesemfronteiras.ch\/#website"},"datePublished":"2020-01-21T09:06:32+00:00","dateModified":"2023-08-09T21:11:19+00:00","breadcrumb":{"@id":"https:\/\/fraternidadesemfronteiras.ch\/campanhas\/#breadcrumb"},"inLanguage":"it-IT","potentialAction":[{"@type":"ReadAction","target":["https:\/\/fraternidadesemfronteiras.ch\/campanhas\/"]}]},{"@type":"BreadcrumbList","@id":"https:\/\/fraternidadesemfronteiras.ch\/campanhas\/#breadcrumb","itemListElement":[{"@type":"ListItem","position":1,"name":"Home","item":"https:\/\/fraternidadesemfronteiras.ch\/"},{"@type":"ListItem","position":2,"name":"Campagne"}]},{"@type":"WebSite","@id":"https:\/\/fraternidadesemfronteiras.ch\/#website","url":"https:\/\/fraternidadesemfronteiras.ch\/","name":"Fraternidade Sem Fronteiras","description":"Somos uma organiza\u00e7\u00e3o humanit\u00e1ria que atua em alguns dos lugares mais pobres do planeta","potentialAction":[{"@type":"SearchAction","target":{"@type":"EntryPoint","urlTemplate":"https:\/\/fraternidadesemfronteiras.ch\/?s={search_term_string}"},"query-input":{"@type":"PropertyValueSpecification","valueRequired":true,"valueName":"search_term_string"}}],"inLanguage":"it-IT"}]}},"_links":{"self":[{"href":"https:\/\/fraternidadesemfronteiras.ch\/it\/wp-json\/wp\/v2\/pages\/3266","targetHints":{"allow":["GET"]}}],"collection":[{"href":"https:\/\/fraternidadesemfronteiras.ch\/it\/wp-json\/wp\/v2\/pages"}],"about":[{"href":"https:\/\/fraternidadesemfronteiras.ch\/it\/wp-json\/wp\/v2\/types\/page"}],"author":[{"embeddable":true,"href":"https:\/\/fraternidadesemfronteiras.ch\/it\/wp-json\/wp\/v2\/users\/3"}],"replies":[{"embeddable":true,"href":"https:\/\/fraternidadesemfronteiras.ch\/it\/wp-json\/wp\/v2\/comments?post=3266"}],"version-history":[{"count":6,"href":"https:\/\/fraternidadesemfronteiras.ch\/it\/wp-json\/wp\/v2\/pages\/3266\/revisions"}],"predecessor-version":[{"id":8345,"href":"https:\/\/fraternidadesemfronteiras.ch\/it\/wp-json\/wp\/v2\/pages\/3266\/revisions\/8345"}],"wp:attachment":[{"href":"https:\/\/fraternidadesemfronteiras.ch\/it\/wp-json\/wp\/v2\/media?parent=3266"}],"curies":[{"name":"wp","href":"https:\/\/api.w.org\/{rel}","templated":true}]}}