{"id":9356,"date":"2025-07-26T10:33:30","date_gmt":"2025-07-26T13:33:30","guid":{"rendered":"https:\/\/fraternidadesemfronteiras.ch\/?post_type=campanha&#038;p=9356"},"modified":"2025-07-29T17:28:25","modified_gmt":"2025-07-29T20:28:25","slug":"centro-di-chimbembe","status":"publish","type":"campanha","link":"https:\/\/fraternidadesemfronteiras.ch\/it\/campanha\/centro-di-chimbembe\/","title":{"rendered":"Centro di Chimbembe"},"content":{"rendered":"\t\t<div data-elementor-type=\"wp-post\" data-elementor-id=\"9356\" class=\"elementor elementor-9356 elementor-9222\" data-elementor-post-type=\"campanha\">\n\t\t\t\t\t\t<section class=\"elementor-section elementor-top-section elementor-element elementor-element-b001b70 elementor-section-boxed elementor-section-height-default elementor-section-height-default\" data-id=\"b001b70\" data-element_type=\"section\" data-e-type=\"section\" data-settings=\"{&quot;background_background&quot;:&quot;classic&quot;}\">\n\t\t\t\t\t\t<div class=\"elementor-container elementor-column-gap-default\">\n\t\t\t\t\t<div class=\"elementor-column elementor-col-100 elementor-top-column elementor-element elementor-element-c2ee2fe\" data-id=\"c2ee2fe\" data-element_type=\"column\" data-e-type=\"column\">\n\t\t\t<div class=\"elementor-widget-wrap elementor-element-populated\">\n\t\t\t\t\t\t<div class=\"elementor-element elementor-element-069dfa7 elementor-widget elementor-widget-image\" data-id=\"069dfa7\" data-element_type=\"widget\" data-e-type=\"widget\" data-widget_type=\"image.default\">\n\t\t\t\t<div class=\"elementor-widget-container\">\n\t\t\t\t\t\t\t\t\t\t\t\t\t\t\t<img fetchpriority=\"high\" decoding=\"async\" width=\"800\" height=\"166\" src=\"https:\/\/fraternidadesemfronteiras.ch\/wp-content\/uploads\/2025\/07\/del-tuo-aiuto-1024x212.webp\" class=\"attachment-large size-large wp-image-9358\" alt=\"\" srcset=\"https:\/\/fraternidadesemfronteiras.ch\/wp-content\/uploads\/2025\/07\/del-tuo-aiuto-1024x212.webp 1024w, https:\/\/fraternidadesemfronteiras.ch\/wp-content\/uploads\/2025\/07\/del-tuo-aiuto-300x62.webp 300w, https:\/\/fraternidadesemfronteiras.ch\/wp-content\/uploads\/2025\/07\/del-tuo-aiuto-768x159.webp 768w, https:\/\/fraternidadesemfronteiras.ch\/wp-content\/uploads\/2025\/07\/del-tuo-aiuto-1536x318.webp 1536w, https:\/\/fraternidadesemfronteiras.ch\/wp-content\/uploads\/2025\/07\/del-tuo-aiuto-500x104.webp 500w, https:\/\/fraternidadesemfronteiras.ch\/wp-content\/uploads\/2025\/07\/del-tuo-aiuto-700x145.webp 700w, https:\/\/fraternidadesemfronteiras.ch\/wp-content\/uploads\/2025\/07\/del-tuo-aiuto.webp 1756w\" sizes=\"(max-width: 800px) 100vw, 800px\" \/>\t\t\t\t\t\t\t\t\t\t\t\t\t\t\t<\/div>\n\t\t\t\t<\/div>\n\t\t\t\t<div class=\"elementor-element elementor-element-89f5558 elementor-widget elementor-widget-text-editor\" data-id=\"89f5558\" data-element_type=\"widget\" data-e-type=\"widget\" data-widget_type=\"text-editor.default\">\n\t\t\t\t<div class=\"elementor-widget-container\">\n\t\t\t\t\t\t\t\t\t<p>Il centro di accoglienza di Chimbembe, in Mozambico, \u00e8 stato distrutto da forti piogge e venti. In questo centro, i bambini hanno accesso a un pasto quotidiano, all&#8217;acqua, ad attivit\u00e0 culturali, all&#8217;incoraggiamento scolastico e alla speranza di un futuro prospero.<\/p><p>A causa di ci\u00f2, i bambini si nutrono sotto gli alberi e, se non lo facciamo ricostruire con urgenza, l&#8217;estate sar\u00e0 miserabile.<\/p><p>\u00a0<\/p>\t\t\t\t\t\t\t\t<\/div>\n\t\t\t\t<\/div>\n\t\t\t\t\t<\/div>\n\t\t<\/div>\n\t\t\t\t\t<\/div>\n\t\t<\/section>\n\t\t\t\t<section class=\"elementor-section elementor-top-section elementor-element elementor-element-7bac996 elementor-section-boxed elementor-section-height-default elementor-section-height-default\" data-id=\"7bac996\" data-element_type=\"section\" data-e-type=\"section\" data-settings=\"{&quot;background_background&quot;:&quot;classic&quot;}\">\n\t\t\t\t\t\t<div class=\"elementor-container elementor-column-gap-default\">\n\t\t\t\t\t<div class=\"elementor-column elementor-col-100 elementor-top-column elementor-element elementor-element-a6f4d06\" data-id=\"a6f4d06\" data-element_type=\"column\" data-e-type=\"column\">\n\t\t\t<div class=\"elementor-widget-wrap elementor-element-populated\">\n\t\t\t\t\t\t<div class=\"elementor-element elementor-element-ecf8ad7 elementor-widget elementor-widget-image\" data-id=\"ecf8ad7\" data-element_type=\"widget\" data-e-type=\"widget\" data-widget_type=\"image.default\">\n\t\t\t\t<div class=\"elementor-widget-container\">\n\t\t\t\t\t\t\t\t\t\t\t\t\t\t\t<img decoding=\"async\" width=\"800\" height=\"172\" src=\"https:\/\/fraternidadesemfronteiras.ch\/wp-content\/uploads\/2025\/07\/INSIEME-RICOSTRUIREMO-copia-1024x220.webp\" class=\"attachment-large size-large wp-image-9366\" alt=\"\" srcset=\"https:\/\/fraternidadesemfronteiras.ch\/wp-content\/uploads\/2025\/07\/INSIEME-RICOSTRUIREMO-copia-1024x220.webp 1024w, https:\/\/fraternidadesemfronteiras.ch\/wp-content\/uploads\/2025\/07\/INSIEME-RICOSTRUIREMO-copia-300x64.webp 300w, https:\/\/fraternidadesemfronteiras.ch\/wp-content\/uploads\/2025\/07\/INSIEME-RICOSTRUIREMO-copia-768x165.webp 768w, https:\/\/fraternidadesemfronteiras.ch\/wp-content\/uploads\/2025\/07\/INSIEME-RICOSTRUIREMO-copia-500x107.webp 500w, https:\/\/fraternidadesemfronteiras.ch\/wp-content\/uploads\/2025\/07\/INSIEME-RICOSTRUIREMO-copia-700x150.webp 700w, https:\/\/fraternidadesemfronteiras.ch\/wp-content\/uploads\/2025\/07\/INSIEME-RICOSTRUIREMO-copia.webp 1258w\" sizes=\"(max-width: 800px) 100vw, 800px\" \/>\t\t\t\t\t\t\t\t\t\t\t\t\t\t\t<\/div>\n\t\t\t\t<\/div>\n\t\t\t\t<div class=\"elementor-element elementor-element-e207c6f elementor-widget elementor-widget-text-editor\" data-id=\"e207c6f\" data-element_type=\"widget\" data-e-type=\"widget\" data-widget_type=\"text-editor.default\">\n\t\t\t\t<div class=\"elementor-widget-container\">\n\t\t\t\t\t\t\t\t\t<p><span style=\"color: #ffcc00;\">Abbiamo bisogno di<\/span> 50.000 <span style=\"color: #ffcc00;\">franchi svizzeri (350.000 R$) per <\/span><\/p><p><strong>\u2022 Ricostruire le camere e le sale da pranzo<\/strong><\/p><p><strong>\u2022 Ristrutturare la cucina e i bagni<\/strong><\/p>\t\t\t\t\t\t\t\t<\/div>\n\t\t\t\t<\/div>\n\t\t\t\t\t<\/div>\n\t\t<\/div>\n\t\t\t\t\t<\/div>\n\t\t<\/section>\n\t\t\t\t<section class=\"elementor-section elementor-top-section elementor-element elementor-element-57d230d elementor-section-boxed elementor-section-height-default elementor-section-height-default\" data-id=\"57d230d\" data-element_type=\"section\" data-e-type=\"section\" data-settings=\"{&quot;background_background&quot;:&quot;classic&quot;}\">\n\t\t\t\t\t\t<div class=\"elementor-container elementor-column-gap-default\">\n\t\t\t\t\t<div class=\"elementor-column elementor-col-100 elementor-top-column elementor-element elementor-element-4bef3f8\" data-id=\"4bef3f8\" data-element_type=\"column\" data-e-type=\"column\">\n\t\t\t<div class=\"elementor-widget-wrap elementor-element-populated\">\n\t\t\t\t\t\t<div class=\"elementor-element elementor-element-37b83a2 elementor-widget elementor-widget-image\" data-id=\"37b83a2\" data-element_type=\"widget\" data-e-type=\"widget\" data-widget_type=\"image.default\">\n\t\t\t\t<div class=\"elementor-widget-container\">\n\t\t\t\t\t\t\t\t\t\t\t\t\t\t\t<img decoding=\"async\" width=\"800\" height=\"441\" src=\"https:\/\/fraternidadesemfronteiras.ch\/wp-content\/uploads\/2025\/07\/Camada-5-1024x565.webp\" class=\"attachment-large size-large wp-image-9244\" alt=\"\" srcset=\"https:\/\/fraternidadesemfronteiras.ch\/wp-content\/uploads\/2025\/07\/Camada-5-1024x565.webp 1024w, https:\/\/fraternidadesemfronteiras.ch\/wp-content\/uploads\/2025\/07\/Camada-5-300x166.webp 300w, https:\/\/fraternidadesemfronteiras.ch\/wp-content\/uploads\/2025\/07\/Camada-5-768x424.webp 768w, https:\/\/fraternidadesemfronteiras.ch\/wp-content\/uploads\/2025\/07\/Camada-5-1536x848.webp 1536w, https:\/\/fraternidadesemfronteiras.ch\/wp-content\/uploads\/2025\/07\/Camada-5-2048x1131.webp 2048w, https:\/\/fraternidadesemfronteiras.ch\/wp-content\/uploads\/2025\/07\/Camada-5-500x276.webp 500w, https:\/\/fraternidadesemfronteiras.ch\/wp-content\/uploads\/2025\/07\/Camada-5-700x387.webp 700w\" sizes=\"(max-width: 800px) 100vw, 800px\" \/>\t\t\t\t\t\t\t\t\t\t\t\t\t\t\t<\/div>\n\t\t\t\t<\/div>\n\t\t\t\t<div class=\"elementor-element elementor-element-8157ec2 elementor-widget elementor-widget-image\" data-id=\"8157ec2\" data-element_type=\"widget\" data-e-type=\"widget\" data-widget_type=\"image.default\">\n\t\t\t\t<div class=\"elementor-widget-container\">\n\t\t\t\t\t\t\t\t\t\t\t\t\t\t\t<img loading=\"lazy\" decoding=\"async\" width=\"800\" height=\"139\" src=\"https:\/\/fraternidadesemfronteiras.ch\/wp-content\/uploads\/2025\/07\/Ihre-Hilfe-ist-unerlasslich-copia-1024x178.webp\" class=\"attachment-large size-large wp-image-9362\" alt=\"\" srcset=\"https:\/\/fraternidadesemfronteiras.ch\/wp-content\/uploads\/2025\/07\/Ihre-Hilfe-ist-unerlasslich-copia-1024x178.webp 1024w, https:\/\/fraternidadesemfronteiras.ch\/wp-content\/uploads\/2025\/07\/Ihre-Hilfe-ist-unerlasslich-copia-300x52.webp 300w, https:\/\/fraternidadesemfronteiras.ch\/wp-content\/uploads\/2025\/07\/Ihre-Hilfe-ist-unerlasslich-copia-768x134.webp 768w, https:\/\/fraternidadesemfronteiras.ch\/wp-content\/uploads\/2025\/07\/Ihre-Hilfe-ist-unerlasslich-copia-1536x267.webp 1536w, https:\/\/fraternidadesemfronteiras.ch\/wp-content\/uploads\/2025\/07\/Ihre-Hilfe-ist-unerlasslich-copia-500x87.webp 500w, https:\/\/fraternidadesemfronteiras.ch\/wp-content\/uploads\/2025\/07\/Ihre-Hilfe-ist-unerlasslich-copia-700x122.webp 700w, https:\/\/fraternidadesemfronteiras.ch\/wp-content\/uploads\/2025\/07\/Ihre-Hilfe-ist-unerlasslich-copia.webp 1759w\" sizes=\"(max-width: 800px) 100vw, 800px\" \/>\t\t\t\t\t\t\t\t\t\t\t\t\t\t\t<\/div>\n\t\t\t\t<\/div>\n\t\t\t\t<div class=\"elementor-element elementor-element-2826f63 elementor-widget elementor-widget-text-editor\" data-id=\"2826f63\" data-element_type=\"widget\" data-e-type=\"widget\" data-widget_type=\"text-editor.default\">\n\t\t\t\t<div class=\"elementor-widget-container\">\n\t\t\t\t\t\t\t\t\t<p>\ud83c\udde7\ud83c\uddf7 Chave PIX<\/p>\t\t\t\t\t\t\t\t<\/div>\n\t\t\t\t<\/div>\n\t\t\t\t<div class=\"elementor-element elementor-element-b12e387 elementor-widget elementor-widget-text-editor\" data-id=\"b12e387\" data-element_type=\"widget\" data-e-type=\"widget\" data-widget_type=\"text-editor.default\">\n\t\t\t\t<div class=\"elementor-widget-container\">\n\t\t\t\t\t\t\t\t\t<p>iniciativamocambique@fraternidadesemfronteiras.org.br<\/p>\t\t\t\t\t\t\t\t<\/div>\n\t\t\t\t<\/div>\n\t\t\t\t<div class=\"elementor-element elementor-element-a827977 elementor-widget elementor-widget-text-editor\" data-id=\"a827977\" data-element_type=\"widget\" data-e-type=\"widget\" data-widget_type=\"text-editor.default\">\n\t\t\t\t<div class=\"elementor-widget-container\">\n\t\t\t\t\t\t\t\t\t<p>\ud83c\udde8\ud83c\udded Donare<\/p>\t\t\t\t\t\t\t\t<\/div>\n\t\t\t\t<\/div>\n\t\t\t\t<div class=\"elementor-element elementor-element-651c3a9 elementor-align-center elementor-widget elementor-widget-button\" data-id=\"651c3a9\" data-element_type=\"widget\" data-e-type=\"widget\" data-widget_type=\"button.default\">\n\t\t\t\t<div class=\"elementor-widget-container\">\n\t\t\t\t\t\t\t\t\t<div class=\"elementor-button-wrapper\">\n\t\t\t\t\t<a class=\"elementor-button elementor-button-link elementor-size-sm\" href=\"https:\/\/fraternidadesemfronteiras.ch\/it\/modulodidonazione\/\">\n\t\t\t\t\t\t<span class=\"elementor-button-content-wrapper\">\n\t\t\t\t\t\t\t\t\t<span class=\"elementor-button-text\">Voglio Contribuire<\/span>\n\t\t\t\t\t<\/span>\n\t\t\t\t\t<\/a>\n\t\t\t\t<\/div>\n\t\t\t\t\t\t\t\t<\/div>\n\t\t\t\t<\/div>\n\t\t\t\t<div class=\"elementor-element elementor-element-5d8bab9 elementor-widget elementor-widget-image\" data-id=\"5d8bab9\" data-element_type=\"widget\" data-e-type=\"widget\" data-widget_type=\"image.default\">\n\t\t\t\t<div class=\"elementor-widget-container\">\n\t\t\t\t\t\t\t\t\t\t\t\t\t\t\t<img loading=\"lazy\" decoding=\"async\" width=\"800\" height=\"245\" src=\"https:\/\/fraternidadesemfronteiras.ch\/wp-content\/uploads\/2025\/07\/Camada-8-1024x313.webp\" class=\"attachment-large size-large wp-image-9381\" alt=\"\" srcset=\"https:\/\/fraternidadesemfronteiras.ch\/wp-content\/uploads\/2025\/07\/Camada-8-1024x313.webp 1024w, https:\/\/fraternidadesemfronteiras.ch\/wp-content\/uploads\/2025\/07\/Camada-8-300x92.webp 300w, https:\/\/fraternidadesemfronteiras.ch\/wp-content\/uploads\/2025\/07\/Camada-8-768x235.webp 768w, https:\/\/fraternidadesemfronteiras.ch\/wp-content\/uploads\/2025\/07\/Camada-8-1536x469.webp 1536w, https:\/\/fraternidadesemfronteiras.ch\/wp-content\/uploads\/2025\/07\/Camada-8-500x153.webp 500w, https:\/\/fraternidadesemfronteiras.ch\/wp-content\/uploads\/2025\/07\/Camada-8-700x214.webp 700w, https:\/\/fraternidadesemfronteiras.ch\/wp-content\/uploads\/2025\/07\/Camada-8.webp 1601w\" sizes=\"(max-width: 800px) 100vw, 800px\" \/>\t\t\t\t\t\t\t\t\t\t\t\t\t\t\t<\/div>\n\t\t\t\t<\/div>\n\t\t\t\t<div class=\"elementor-element elementor-element-e09af21 elementor-widget elementor-widget-spacer\" data-id=\"e09af21\" data-element_type=\"widget\" data-e-type=\"widget\" data-widget_type=\"spacer.default\">\n\t\t\t\t<div class=\"elementor-widget-container\">\n\t\t\t\t\t\t\t<div class=\"elementor-spacer\">\n\t\t\t<div class=\"elementor-spacer-inner\"><\/div>\n\t\t<\/div>\n\t\t\t\t\t\t<\/div>\n\t\t\t\t<\/div>\n\t\t\t\t\t<\/div>\n\t\t<\/div>\n\t\t\t\t\t<\/div>\n\t\t<\/section>\n\t\t\t\t<\/div>\n\t\t","protected":false},"featured_media":9266,"template":"","class_list":["post-9356","campanha","type-campanha","status-publish","has-post-thumbnail","hentry"],"yoast_head":"<!-- This site is optimized with the Yoast SEO plugin v27.4 - https:\/\/yoast.com\/product\/yoast-seo-wordpress\/ -->\n<title>Centro di Chimbembe - Fraternidade Sem Fronteiras<\/title>\n<meta name=\"robots\" content=\"index, follow, max-snippet:-1, max-image-preview:large, max-video-preview:-1\" \/>\n<link rel=\"canonical\" href=\"https:\/\/fraternidadesemfronteiras.ch\/campanha\/centro-de-chimbembe\/\" \/>\n<meta property=\"og:locale\" content=\"it_IT\" \/>\n<meta property=\"og:type\" content=\"article\" \/>\n<meta property=\"og:title\" content=\"Centro di Chimbembe - Fraternidade Sem Fronteiras\" \/>\n<meta property=\"og:description\" content=\"Il centro di accoglienza di Chimbembe, in Mozambico, \u00e8 stato distrutto da forti piogge e venti. In questo centro, i bambini hanno accesso a un pasto quotidiano, all&#8217;acqua, ad attivit\u00e0 culturali, all&#8217;incoraggiamento scolastico e alla speranza di un futuro prospero. A causa di ci\u00f2, i bambini si nutrono sotto gli alberi e, se non lo [&hellip;]\" \/>\n<meta property=\"og:url\" content=\"https:\/\/fraternidadesemfronteiras.ch\/campanha\/centro-de-chimbembe\/\" \/>\n<meta property=\"og:site_name\" content=\"Fraternidade Sem Fronteiras\" \/>\n<meta property=\"article:modified_time\" content=\"2025-07-29T20:28:25+00:00\" \/>\n<meta property=\"og:image\" content=\"https:\/\/fraternidadesemfronteiras.ch\/wp-content\/uploads\/2025\/07\/Banner.webp\" \/>\n\t<meta property=\"og:image:width\" content=\"843\" \/>\n\t<meta property=\"og:image:height\" content=\"600\" \/>\n\t<meta property=\"og:image:type\" content=\"image\/webp\" \/>\n<meta name=\"twitter:card\" content=\"summary_large_image\" \/>\n<meta name=\"twitter:label1\" content=\"Tempo di lettura stimato\" \/>\n\t<meta name=\"twitter:data1\" content=\"2 minuti\" \/>\n<script type=\"application\/ld+json\" class=\"yoast-schema-graph\">{\"@context\":\"https:\\\/\\\/schema.org\",\"@graph\":[{\"@type\":\"WebPage\",\"@id\":\"https:\\\/\\\/fraternidadesemfronteiras.ch\\\/campanha\\\/centro-de-chimbembe\\\/\",\"url\":\"https:\\\/\\\/fraternidadesemfronteiras.ch\\\/campanha\\\/centro-de-chimbembe\\\/\",\"name\":\"Centro di Chimbembe - Fraternidade Sem Fronteiras\",\"isPartOf\":{\"@id\":\"https:\\\/\\\/fraternidadesemfronteiras.ch\\\/#website\"},\"primaryImageOfPage\":{\"@id\":\"https:\\\/\\\/fraternidadesemfronteiras.ch\\\/campanha\\\/centro-de-chimbembe\\\/#primaryimage\"},\"image\":{\"@id\":\"https:\\\/\\\/fraternidadesemfronteiras.ch\\\/campanha\\\/centro-de-chimbembe\\\/#primaryimage\"},\"thumbnailUrl\":\"https:\\\/\\\/fraternidadesemfronteiras.ch\\\/wp-content\\\/uploads\\\/2025\\\/07\\\/Banner.webp\",\"datePublished\":\"2025-07-26T13:33:30+00:00\",\"dateModified\":\"2025-07-29T20:28:25+00:00\",\"breadcrumb\":{\"@id\":\"https:\\\/\\\/fraternidadesemfronteiras.ch\\\/campanha\\\/centro-de-chimbembe\\\/#breadcrumb\"},\"inLanguage\":\"it-IT\",\"potentialAction\":[{\"@type\":\"ReadAction\",\"target\":[\"https:\\\/\\\/fraternidadesemfronteiras.ch\\\/campanha\\\/centro-de-chimbembe\\\/\"]}]},{\"@type\":\"ImageObject\",\"inLanguage\":\"it-IT\",\"@id\":\"https:\\\/\\\/fraternidadesemfronteiras.ch\\\/campanha\\\/centro-de-chimbembe\\\/#primaryimage\",\"url\":\"https:\\\/\\\/fraternidadesemfronteiras.ch\\\/wp-content\\\/uploads\\\/2025\\\/07\\\/Banner.webp\",\"contentUrl\":\"https:\\\/\\\/fraternidadesemfronteiras.ch\\\/wp-content\\\/uploads\\\/2025\\\/07\\\/Banner.webp\",\"width\":843,\"height\":600},{\"@type\":\"BreadcrumbList\",\"@id\":\"https:\\\/\\\/fraternidadesemfronteiras.ch\\\/campanha\\\/centro-de-chimbembe\\\/#breadcrumb\",\"itemListElement\":[{\"@type\":\"ListItem\",\"position\":1,\"name\":\"Home\",\"item\":\"https:\\\/\\\/fraternidadesemfronteiras.ch\\\/\"},{\"@type\":\"ListItem\",\"position\":2,\"name\":\"Centro di Chimbembe\"}]},{\"@type\":\"WebSite\",\"@id\":\"https:\\\/\\\/fraternidadesemfronteiras.ch\\\/#website\",\"url\":\"https:\\\/\\\/fraternidadesemfronteiras.ch\\\/\",\"name\":\"Fraternidade Sem Fronteiras\",\"description\":\"Somos uma organiza\u00e7\u00e3o humanit\u00e1ria que atua em alguns dos lugares mais pobres do planeta\",\"potentialAction\":[{\"@type\":\"SearchAction\",\"target\":{\"@type\":\"EntryPoint\",\"urlTemplate\":\"https:\\\/\\\/fraternidadesemfronteiras.ch\\\/?s={search_term_string}\"},\"query-input\":{\"@type\":\"PropertyValueSpecification\",\"valueRequired\":true,\"valueName\":\"search_term_string\"}}],\"inLanguage\":\"it-IT\"}]}<\/script>\n<!-- \/ Yoast SEO plugin. -->","yoast_head_json":{"title":"Centro di Chimbembe - Fraternidade Sem Fronteiras","robots":{"index":"index","follow":"follow","max-snippet":"max-snippet:-1","max-image-preview":"max-image-preview:large","max-video-preview":"max-video-preview:-1"},"canonical":"https:\/\/fraternidadesemfronteiras.ch\/campanha\/centro-de-chimbembe\/","og_locale":"it_IT","og_type":"article","og_title":"Centro di Chimbembe - Fraternidade Sem Fronteiras","og_description":"Il centro di accoglienza di Chimbembe, in Mozambico, \u00e8 stato distrutto da forti piogge e venti. In questo centro, i bambini hanno accesso a un pasto quotidiano, all&#8217;acqua, ad attivit\u00e0 culturali, all&#8217;incoraggiamento scolastico e alla speranza di un futuro prospero. A causa di ci\u00f2, i bambini si nutrono sotto gli alberi e, se non lo [&hellip;]","og_url":"https:\/\/fraternidadesemfronteiras.ch\/campanha\/centro-de-chimbembe\/","og_site_name":"Fraternidade Sem Fronteiras","article_modified_time":"2025-07-29T20:28:25+00:00","og_image":[{"width":843,"height":600,"url":"https:\/\/fraternidadesemfronteiras.ch\/wp-content\/uploads\/2025\/07\/Banner.webp","type":"image\/webp"}],"twitter_card":"summary_large_image","twitter_misc":{"Tempo di lettura stimato":"2 minuti"},"schema":{"@context":"https:\/\/schema.org","@graph":[{"@type":"WebPage","@id":"https:\/\/fraternidadesemfronteiras.ch\/campanha\/centro-de-chimbembe\/","url":"https:\/\/fraternidadesemfronteiras.ch\/campanha\/centro-de-chimbembe\/","name":"Centro di Chimbembe - Fraternidade Sem Fronteiras","isPartOf":{"@id":"https:\/\/fraternidadesemfronteiras.ch\/#website"},"primaryImageOfPage":{"@id":"https:\/\/fraternidadesemfronteiras.ch\/campanha\/centro-de-chimbembe\/#primaryimage"},"image":{"@id":"https:\/\/fraternidadesemfronteiras.ch\/campanha\/centro-de-chimbembe\/#primaryimage"},"thumbnailUrl":"https:\/\/fraternidadesemfronteiras.ch\/wp-content\/uploads\/2025\/07\/Banner.webp","datePublished":"2025-07-26T13:33:30+00:00","dateModified":"2025-07-29T20:28:25+00:00","breadcrumb":{"@id":"https:\/\/fraternidadesemfronteiras.ch\/campanha\/centro-de-chimbembe\/#breadcrumb"},"inLanguage":"it-IT","potentialAction":[{"@type":"ReadAction","target":["https:\/\/fraternidadesemfronteiras.ch\/campanha\/centro-de-chimbembe\/"]}]},{"@type":"ImageObject","inLanguage":"it-IT","@id":"https:\/\/fraternidadesemfronteiras.ch\/campanha\/centro-de-chimbembe\/#primaryimage","url":"https:\/\/fraternidadesemfronteiras.ch\/wp-content\/uploads\/2025\/07\/Banner.webp","contentUrl":"https:\/\/fraternidadesemfronteiras.ch\/wp-content\/uploads\/2025\/07\/Banner.webp","width":843,"height":600},{"@type":"BreadcrumbList","@id":"https:\/\/fraternidadesemfronteiras.ch\/campanha\/centro-de-chimbembe\/#breadcrumb","itemListElement":[{"@type":"ListItem","position":1,"name":"Home","item":"https:\/\/fraternidadesemfronteiras.ch\/"},{"@type":"ListItem","position":2,"name":"Centro di Chimbembe"}]},{"@type":"WebSite","@id":"https:\/\/fraternidadesemfronteiras.ch\/#website","url":"https:\/\/fraternidadesemfronteiras.ch\/","name":"Fraternidade Sem Fronteiras","description":"Somos uma organiza\u00e7\u00e3o humanit\u00e1ria que atua em alguns dos lugares mais pobres do planeta","potentialAction":[{"@type":"SearchAction","target":{"@type":"EntryPoint","urlTemplate":"https:\/\/fraternidadesemfronteiras.ch\/?s={search_term_string}"},"query-input":{"@type":"PropertyValueSpecification","valueRequired":true,"valueName":"search_term_string"}}],"inLanguage":"it-IT"}]}},"_links":{"self":[{"href":"https:\/\/fraternidadesemfronteiras.ch\/it\/wp-json\/wp\/v2\/campanha\/9356","targetHints":{"allow":["GET"]}}],"collection":[{"href":"https:\/\/fraternidadesemfronteiras.ch\/it\/wp-json\/wp\/v2\/campanha"}],"about":[{"href":"https:\/\/fraternidadesemfronteiras.ch\/it\/wp-json\/wp\/v2\/types\/campanha"}],"version-history":[{"count":7,"href":"https:\/\/fraternidadesemfronteiras.ch\/it\/wp-json\/wp\/v2\/campanha\/9356\/revisions"}],"predecessor-version":[{"id":9387,"href":"https:\/\/fraternidadesemfronteiras.ch\/it\/wp-json\/wp\/v2\/campanha\/9356\/revisions\/9387"}],"wp:featuredmedia":[{"embeddable":true,"href":"https:\/\/fraternidadesemfronteiras.ch\/it\/wp-json\/wp\/v2\/media\/9266"}],"wp:attachment":[{"href":"https:\/\/fraternidadesemfronteiras.ch\/it\/wp-json\/wp\/v2\/media?parent=9356"}],"curies":[{"name":"wp","href":"https:\/\/api.w.org\/{rel}","templated":true}]}}