{"id":9295,"date":"2025-07-26T10:33:30","date_gmt":"2025-07-26T13:33:30","guid":{"rendered":"https:\/\/fraternidadesemfronteiras.ch\/?post_type=campanha&#038;p=9295"},"modified":"2025-07-28T11:14:12","modified_gmt":"2025-07-28T14:14:12","slug":"centre-de-chimbembe","status":"publish","type":"campanha","link":"https:\/\/fraternidadesemfronteiras.ch\/fr\/campanha\/centre-de-chimbembe\/","title":{"rendered":"Centre de Chimbembe"},"content":{"rendered":"\t\t<div data-elementor-type=\"wp-post\" data-elementor-id=\"9295\" class=\"elementor elementor-9295 elementor-9222\" data-elementor-post-type=\"campanha\">\n\t\t\t\t\t\t<section class=\"elementor-section elementor-top-section elementor-element elementor-element-b001b70 elementor-section-boxed elementor-section-height-default elementor-section-height-default\" data-id=\"b001b70\" data-element_type=\"section\" data-e-type=\"section\" data-settings=\"{&quot;background_background&quot;:&quot;classic&quot;}\">\n\t\t\t\t\t\t<div class=\"elementor-container elementor-column-gap-default\">\n\t\t\t\t\t<div class=\"elementor-column elementor-col-100 elementor-top-column elementor-element elementor-element-c2ee2fe\" data-id=\"c2ee2fe\" data-element_type=\"column\" data-e-type=\"column\">\n\t\t\t<div class=\"elementor-widget-wrap elementor-element-populated\">\n\t\t\t\t\t\t<div class=\"elementor-element elementor-element-069dfa7 elementor-widget elementor-widget-image\" data-id=\"069dfa7\" data-element_type=\"widget\" data-e-type=\"widget\" data-widget_type=\"image.default\">\n\t\t\t\t<div class=\"elementor-widget-container\">\n\t\t\t\t\t\t\t\t\t\t\t\t\t\t\t<img fetchpriority=\"high\" decoding=\"async\" width=\"800\" height=\"259\" src=\"https:\/\/fraternidadesemfronteiras.ch\/wp-content\/uploads\/2025\/07\/de-votre-aide-copia-1024x332.webp\" class=\"attachment-large size-large wp-image-9305\" alt=\"\" srcset=\"https:\/\/fraternidadesemfronteiras.ch\/wp-content\/uploads\/2025\/07\/de-votre-aide-copia-1024x332.webp 1024w, https:\/\/fraternidadesemfronteiras.ch\/wp-content\/uploads\/2025\/07\/de-votre-aide-copia-300x97.webp 300w, https:\/\/fraternidadesemfronteiras.ch\/wp-content\/uploads\/2025\/07\/de-votre-aide-copia-768x249.webp 768w, https:\/\/fraternidadesemfronteiras.ch\/wp-content\/uploads\/2025\/07\/de-votre-aide-copia-500x162.webp 500w, https:\/\/fraternidadesemfronteiras.ch\/wp-content\/uploads\/2025\/07\/de-votre-aide-copia-700x227.webp 700w, https:\/\/fraternidadesemfronteiras.ch\/wp-content\/uploads\/2025\/07\/de-votre-aide-copia.webp 1387w\" sizes=\"(max-width: 800px) 100vw, 800px\" \/>\t\t\t\t\t\t\t\t\t\t\t\t\t\t\t<\/div>\n\t\t\t\t<\/div>\n\t\t\t\t<div class=\"elementor-element elementor-element-89f5558 elementor-widget elementor-widget-text-editor\" data-id=\"89f5558\" data-element_type=\"widget\" data-e-type=\"widget\" data-widget_type=\"text-editor.default\">\n\t\t\t\t<div class=\"elementor-widget-container\">\n\t\t\t\t\t\t\t\t\t<p>Le centre d\u2019accueil de Chimbembe, au Mozambique, a \u00e9t\u00e9 d\u00e9truit \u00e0 cause des fortes pluies et des vents violents. Dans ce centre, les enfants ont acc\u00e8s \u00e0 un repas par jour, \u00e0 de l\u2019eau, des activit\u00e9s culturelles, \u00e0 un accompagnement scolaire et \u00e0 l\u2019espoir d\u2019un avenir prosp\u00e8re.<\/p><p>En cons\u00e9quence, les enfants mangent d\u00e9sormais sous les arbres, et si nous ne parvenons pas \u00e0 le reconstruire en urgence, l\u2019\u00e9t\u00e9 sera difficile.<\/p>\t\t\t\t\t\t\t\t<\/div>\n\t\t\t\t<\/div>\n\t\t\t\t\t<\/div>\n\t\t<\/div>\n\t\t\t\t\t<\/div>\n\t\t<\/section>\n\t\t\t\t<section class=\"elementor-section elementor-top-section elementor-element elementor-element-7bac996 elementor-section-boxed elementor-section-height-default elementor-section-height-default\" data-id=\"7bac996\" data-element_type=\"section\" data-e-type=\"section\" data-settings=\"{&quot;background_background&quot;:&quot;classic&quot;}\">\n\t\t\t\t\t\t<div class=\"elementor-container elementor-column-gap-default\">\n\t\t\t\t\t<div class=\"elementor-column elementor-col-100 elementor-top-column elementor-element elementor-element-a6f4d06\" data-id=\"a6f4d06\" data-element_type=\"column\" data-e-type=\"column\">\n\t\t\t<div class=\"elementor-widget-wrap elementor-element-populated\">\n\t\t\t\t\t\t<div class=\"elementor-element elementor-element-ecf8ad7 elementor-widget elementor-widget-image\" data-id=\"ecf8ad7\" data-element_type=\"widget\" data-e-type=\"widget\" data-widget_type=\"image.default\">\n\t\t\t\t<div class=\"elementor-widget-container\">\n\t\t\t\t\t\t\t\t\t\t\t\t\t\t\t<img decoding=\"async\" width=\"800\" height=\"229\" src=\"https:\/\/fraternidadesemfronteiras.ch\/wp-content\/uploads\/2025\/07\/le-centre-de-Chimbembe-copia-1024x293.webp\" class=\"attachment-large size-large wp-image-9309\" alt=\"\" srcset=\"https:\/\/fraternidadesemfronteiras.ch\/wp-content\/uploads\/2025\/07\/le-centre-de-Chimbembe-copia-1024x293.webp 1024w, https:\/\/fraternidadesemfronteiras.ch\/wp-content\/uploads\/2025\/07\/le-centre-de-Chimbembe-copia-300x86.webp 300w, https:\/\/fraternidadesemfronteiras.ch\/wp-content\/uploads\/2025\/07\/le-centre-de-Chimbembe-copia-768x220.webp 768w, https:\/\/fraternidadesemfronteiras.ch\/wp-content\/uploads\/2025\/07\/le-centre-de-Chimbembe-copia-1536x440.webp 1536w, https:\/\/fraternidadesemfronteiras.ch\/wp-content\/uploads\/2025\/07\/le-centre-de-Chimbembe-copia-500x143.webp 500w, https:\/\/fraternidadesemfronteiras.ch\/wp-content\/uploads\/2025\/07\/le-centre-de-Chimbembe-copia-700x201.webp 700w, https:\/\/fraternidadesemfronteiras.ch\/wp-content\/uploads\/2025\/07\/le-centre-de-Chimbembe-copia.webp 1595w\" sizes=\"(max-width: 800px) 100vw, 800px\" \/>\t\t\t\t\t\t\t\t\t\t\t\t\t\t\t<\/div>\n\t\t\t\t<\/div>\n\t\t\t\t<div class=\"elementor-element elementor-element-e207c6f elementor-widget elementor-widget-text-editor\" data-id=\"e207c6f\" data-element_type=\"widget\" data-e-type=\"widget\" data-widget_type=\"text-editor.default\">\n\t\t\t\t<div class=\"elementor-widget-container\">\n\t\t\t\t\t\t\t\t\t<p><span style=\"color: #ffcc00;\">Nous avons besoin de<\/span> 50 000 <span style=\"color: #ffcc00;\">francs suisses (350 000 R$) pour : <\/span><\/p><p><strong>\u2022 Reconstruire les salles et les r\u00e9fectoires<\/strong><\/p><p><strong>\u2022 R\u00e9nover la cuisine et les sanitaires <\/strong><\/p>\t\t\t\t\t\t\t\t<\/div>\n\t\t\t\t<\/div>\n\t\t\t\t\t<\/div>\n\t\t<\/div>\n\t\t\t\t\t<\/div>\n\t\t<\/section>\n\t\t\t\t<section class=\"elementor-section elementor-top-section elementor-element elementor-element-57d230d elementor-section-boxed elementor-section-height-default elementor-section-height-default\" data-id=\"57d230d\" data-element_type=\"section\" data-e-type=\"section\" data-settings=\"{&quot;background_background&quot;:&quot;classic&quot;}\">\n\t\t\t\t\t\t<div class=\"elementor-container elementor-column-gap-default\">\n\t\t\t\t\t<div class=\"elementor-column elementor-col-100 elementor-top-column elementor-element elementor-element-4bef3f8\" data-id=\"4bef3f8\" data-element_type=\"column\" data-e-type=\"column\">\n\t\t\t<div class=\"elementor-widget-wrap elementor-element-populated\">\n\t\t\t\t\t\t<div class=\"elementor-element elementor-element-37b83a2 elementor-widget elementor-widget-image\" data-id=\"37b83a2\" data-element_type=\"widget\" data-e-type=\"widget\" data-widget_type=\"image.default\">\n\t\t\t\t<div class=\"elementor-widget-container\">\n\t\t\t\t\t\t\t\t\t\t\t\t\t\t\t<img decoding=\"async\" width=\"800\" height=\"441\" src=\"https:\/\/fraternidadesemfronteiras.ch\/wp-content\/uploads\/2025\/07\/Camada-5-1024x565.webp\" class=\"attachment-large size-large wp-image-9242\" alt=\"\" srcset=\"https:\/\/fraternidadesemfronteiras.ch\/wp-content\/uploads\/2025\/07\/Camada-5-1024x565.webp 1024w, https:\/\/fraternidadesemfronteiras.ch\/wp-content\/uploads\/2025\/07\/Camada-5-300x166.webp 300w, https:\/\/fraternidadesemfronteiras.ch\/wp-content\/uploads\/2025\/07\/Camada-5-768x424.webp 768w, https:\/\/fraternidadesemfronteiras.ch\/wp-content\/uploads\/2025\/07\/Camada-5-1536x848.webp 1536w, https:\/\/fraternidadesemfronteiras.ch\/wp-content\/uploads\/2025\/07\/Camada-5-2048x1131.webp 2048w, https:\/\/fraternidadesemfronteiras.ch\/wp-content\/uploads\/2025\/07\/Camada-5-500x276.webp 500w, https:\/\/fraternidadesemfronteiras.ch\/wp-content\/uploads\/2025\/07\/Camada-5-700x387.webp 700w\" sizes=\"(max-width: 800px) 100vw, 800px\" \/>\t\t\t\t\t\t\t\t\t\t\t\t\t\t\t<\/div>\n\t\t\t\t<\/div>\n\t\t\t\t<div class=\"elementor-element elementor-element-8157ec2 elementor-widget elementor-widget-image\" data-id=\"8157ec2\" data-element_type=\"widget\" data-e-type=\"widget\" data-widget_type=\"image.default\">\n\t\t\t\t<div class=\"elementor-widget-container\">\n\t\t\t\t\t\t\t\t\t\t\t\t\t\t\t<img loading=\"lazy\" decoding=\"async\" width=\"800\" height=\"127\" src=\"https:\/\/fraternidadesemfronteiras.ch\/wp-content\/uploads\/2025\/07\/Votre-aide-est-essentielle-copia-1024x163.webp\" class=\"attachment-large size-large wp-image-9313\" alt=\"\" srcset=\"https:\/\/fraternidadesemfronteiras.ch\/wp-content\/uploads\/2025\/07\/Votre-aide-est-essentielle-copia-1024x163.webp 1024w, https:\/\/fraternidadesemfronteiras.ch\/wp-content\/uploads\/2025\/07\/Votre-aide-est-essentielle-copia-300x48.webp 300w, https:\/\/fraternidadesemfronteiras.ch\/wp-content\/uploads\/2025\/07\/Votre-aide-est-essentielle-copia-768x122.webp 768w, https:\/\/fraternidadesemfronteiras.ch\/wp-content\/uploads\/2025\/07\/Votre-aide-est-essentielle-copia-1536x245.webp 1536w, https:\/\/fraternidadesemfronteiras.ch\/wp-content\/uploads\/2025\/07\/Votre-aide-est-essentielle-copia-500x80.webp 500w, https:\/\/fraternidadesemfronteiras.ch\/wp-content\/uploads\/2025\/07\/Votre-aide-est-essentielle-copia-700x112.webp 700w, https:\/\/fraternidadesemfronteiras.ch\/wp-content\/uploads\/2025\/07\/Votre-aide-est-essentielle-copia.webp 1825w\" sizes=\"(max-width: 800px) 100vw, 800px\" \/>\t\t\t\t\t\t\t\t\t\t\t\t\t\t\t<\/div>\n\t\t\t\t<\/div>\n\t\t\t\t<div class=\"elementor-element elementor-element-2826f63 elementor-widget elementor-widget-text-editor\" data-id=\"2826f63\" data-element_type=\"widget\" data-e-type=\"widget\" data-widget_type=\"text-editor.default\">\n\t\t\t\t<div class=\"elementor-widget-container\">\n\t\t\t\t\t\t\t\t\t<p>\ud83c\udde7\ud83c\uddf7 Chave PIX<\/p>\t\t\t\t\t\t\t\t<\/div>\n\t\t\t\t<\/div>\n\t\t\t\t<div class=\"elementor-element elementor-element-b12e387 elementor-widget elementor-widget-text-editor\" data-id=\"b12e387\" data-element_type=\"widget\" data-e-type=\"widget\" data-widget_type=\"text-editor.default\">\n\t\t\t\t<div class=\"elementor-widget-container\">\n\t\t\t\t\t\t\t\t\t<p>iniciativamocambique@fraternidadesemfronteiras.org.br<\/p>\t\t\t\t\t\t\t\t<\/div>\n\t\t\t\t<\/div>\n\t\t\t\t<div class=\"elementor-element elementor-element-a827977 elementor-widget elementor-widget-text-editor\" data-id=\"a827977\" data-element_type=\"widget\" data-e-type=\"widget\" data-widget_type=\"text-editor.default\">\n\t\t\t\t<div class=\"elementor-widget-container\">\n\t\t\t\t\t\t\t\t\t<p>\ud83c\udde8\ud83c\udded Faire un don<\/p>\t\t\t\t\t\t\t\t<\/div>\n\t\t\t\t<\/div>\n\t\t\t\t<div class=\"elementor-element elementor-element-0c8f028 elementor-align-center elementor-widget elementor-widget-button\" data-id=\"0c8f028\" data-element_type=\"widget\" data-e-type=\"widget\" data-widget_type=\"button.default\">\n\t\t\t\t<div class=\"elementor-widget-container\">\n\t\t\t\t\t\t\t\t\t<div class=\"elementor-button-wrapper\">\n\t\t\t\t\t<a class=\"elementor-button elementor-button-link elementor-size-sm\" href=\"https:\/\/fraternidadesemfronteiras.ch\/fr\/formulairededon\/\">\n\t\t\t\t\t\t<span class=\"elementor-button-content-wrapper\">\n\t\t\t\t\t\t\t\t\t<span class=\"elementor-button-text\"> JE VEUX CONTRIBUER<\/span>\n\t\t\t\t\t<\/span>\n\t\t\t\t\t<\/a>\n\t\t\t\t<\/div>\n\t\t\t\t\t\t\t\t<\/div>\n\t\t\t\t<\/div>\n\t\t\t\t<div class=\"elementor-element elementor-element-5d8bab9 elementor-widget elementor-widget-image\" data-id=\"5d8bab9\" data-element_type=\"widget\" data-e-type=\"widget\" data-widget_type=\"image.default\">\n\t\t\t\t<div class=\"elementor-widget-container\">\n\t\t\t\t\t\t\t\t\t\t\t\t\t\t\t<img loading=\"lazy\" decoding=\"async\" width=\"800\" height=\"241\" src=\"https:\/\/fraternidadesemfronteiras.ch\/wp-content\/uploads\/2025\/07\/Camada-5-2-1024x308.webp\" class=\"attachment-large size-large wp-image-9301\" alt=\"\" srcset=\"https:\/\/fraternidadesemfronteiras.ch\/wp-content\/uploads\/2025\/07\/Camada-5-2-1024x308.webp 1024w, https:\/\/fraternidadesemfronteiras.ch\/wp-content\/uploads\/2025\/07\/Camada-5-2-300x90.webp 300w, https:\/\/fraternidadesemfronteiras.ch\/wp-content\/uploads\/2025\/07\/Camada-5-2-768x231.webp 768w, https:\/\/fraternidadesemfronteiras.ch\/wp-content\/uploads\/2025\/07\/Camada-5-2-1536x462.webp 1536w, https:\/\/fraternidadesemfronteiras.ch\/wp-content\/uploads\/2025\/07\/Camada-5-2-500x150.webp 500w, https:\/\/fraternidadesemfronteiras.ch\/wp-content\/uploads\/2025\/07\/Camada-5-2-700x210.webp 700w, https:\/\/fraternidadesemfronteiras.ch\/wp-content\/uploads\/2025\/07\/Camada-5-2.webp 1620w\" sizes=\"(max-width: 800px) 100vw, 800px\" \/>\t\t\t\t\t\t\t\t\t\t\t\t\t\t\t<\/div>\n\t\t\t\t<\/div>\n\t\t\t\t<div class=\"elementor-element elementor-element-e09af21 elementor-widget elementor-widget-spacer\" data-id=\"e09af21\" data-element_type=\"widget\" data-e-type=\"widget\" data-widget_type=\"spacer.default\">\n\t\t\t\t<div class=\"elementor-widget-container\">\n\t\t\t\t\t\t\t<div class=\"elementor-spacer\">\n\t\t\t<div class=\"elementor-spacer-inner\"><\/div>\n\t\t<\/div>\n\t\t\t\t\t\t<\/div>\n\t\t\t\t<\/div>\n\t\t\t\t\t<\/div>\n\t\t<\/div>\n\t\t\t\t\t<\/div>\n\t\t<\/section>\n\t\t\t\t<\/div>\n\t\t","protected":false},"featured_media":9297,"template":"","class_list":["post-9295","campanha","type-campanha","status-publish","has-post-thumbnail","hentry"],"yoast_head":"<!-- This site is optimized with the Yoast SEO plugin v27.4 - https:\/\/yoast.com\/product\/yoast-seo-wordpress\/ -->\n<title>Centre de Chimbembe - Fraternidade Sem Fronteiras<\/title>\n<meta name=\"robots\" content=\"index, follow, max-snippet:-1, max-image-preview:large, max-video-preview:-1\" \/>\n<link rel=\"canonical\" href=\"https:\/\/fraternidadesemfronteiras.ch\/campanha\/centro-de-chimbembe\/\" \/>\n<meta property=\"og:locale\" content=\"fr_FR\" \/>\n<meta property=\"og:type\" content=\"article\" \/>\n<meta property=\"og:title\" content=\"Centre de Chimbembe - Fraternidade Sem Fronteiras\" \/>\n<meta property=\"og:description\" content=\"Le centre d\u2019accueil de Chimbembe, au Mozambique, a \u00e9t\u00e9 d\u00e9truit \u00e0 cause des fortes pluies et des vents violents. Dans ce centre, les enfants ont acc\u00e8s \u00e0 un repas par jour, \u00e0 de l\u2019eau, des activit\u00e9s culturelles, \u00e0 un accompagnement scolaire et \u00e0 l\u2019espoir d\u2019un avenir prosp\u00e8re. En cons\u00e9quence, les enfants mangent d\u00e9sormais sous les [&hellip;]\" \/>\n<meta property=\"og:url\" content=\"https:\/\/fraternidadesemfronteiras.ch\/campanha\/centro-de-chimbembe\/\" \/>\n<meta property=\"og:site_name\" content=\"Fraternidade Sem Fronteiras\" \/>\n<meta property=\"article:modified_time\" content=\"2025-07-28T14:14:12+00:00\" \/>\n<meta property=\"og:image\" content=\"https:\/\/fraternidadesemfronteiras.ch\/wp-content\/uploads\/2025\/07\/Banner-2.webp\" \/>\n\t<meta property=\"og:image:width\" content=\"843\" \/>\n\t<meta property=\"og:image:height\" content=\"600\" \/>\n\t<meta property=\"og:image:type\" content=\"image\/webp\" \/>\n<meta name=\"twitter:card\" content=\"summary_large_image\" \/>\n<meta name=\"twitter:label1\" content=\"Dur\u00e9e de lecture estim\u00e9e\" \/>\n\t<meta name=\"twitter:data1\" content=\"2 minutes\" \/>\n<script type=\"application\/ld+json\" class=\"yoast-schema-graph\">{\"@context\":\"https:\\\/\\\/schema.org\",\"@graph\":[{\"@type\":\"WebPage\",\"@id\":\"https:\\\/\\\/fraternidadesemfronteiras.ch\\\/campanha\\\/centro-de-chimbembe\\\/\",\"url\":\"https:\\\/\\\/fraternidadesemfronteiras.ch\\\/campanha\\\/centro-de-chimbembe\\\/\",\"name\":\"Centre de Chimbembe - Fraternidade Sem Fronteiras\",\"isPartOf\":{\"@id\":\"https:\\\/\\\/fraternidadesemfronteiras.ch\\\/#website\"},\"primaryImageOfPage\":{\"@id\":\"https:\\\/\\\/fraternidadesemfronteiras.ch\\\/campanha\\\/centro-de-chimbembe\\\/#primaryimage\"},\"image\":{\"@id\":\"https:\\\/\\\/fraternidadesemfronteiras.ch\\\/campanha\\\/centro-de-chimbembe\\\/#primaryimage\"},\"thumbnailUrl\":\"https:\\\/\\\/fraternidadesemfronteiras.ch\\\/wp-content\\\/uploads\\\/2025\\\/07\\\/Banner-2.webp\",\"datePublished\":\"2025-07-26T13:33:30+00:00\",\"dateModified\":\"2025-07-28T14:14:12+00:00\",\"breadcrumb\":{\"@id\":\"https:\\\/\\\/fraternidadesemfronteiras.ch\\\/campanha\\\/centro-de-chimbembe\\\/#breadcrumb\"},\"inLanguage\":\"fr-FR\",\"potentialAction\":[{\"@type\":\"ReadAction\",\"target\":[\"https:\\\/\\\/fraternidadesemfronteiras.ch\\\/campanha\\\/centro-de-chimbembe\\\/\"]}]},{\"@type\":\"ImageObject\",\"inLanguage\":\"fr-FR\",\"@id\":\"https:\\\/\\\/fraternidadesemfronteiras.ch\\\/campanha\\\/centro-de-chimbembe\\\/#primaryimage\",\"url\":\"https:\\\/\\\/fraternidadesemfronteiras.ch\\\/wp-content\\\/uploads\\\/2025\\\/07\\\/Banner-2.webp\",\"contentUrl\":\"https:\\\/\\\/fraternidadesemfronteiras.ch\\\/wp-content\\\/uploads\\\/2025\\\/07\\\/Banner-2.webp\",\"width\":843,\"height\":600},{\"@type\":\"BreadcrumbList\",\"@id\":\"https:\\\/\\\/fraternidadesemfronteiras.ch\\\/campanha\\\/centro-de-chimbembe\\\/#breadcrumb\",\"itemListElement\":[{\"@type\":\"ListItem\",\"position\":1,\"name\":\"Home\",\"item\":\"https:\\\/\\\/fraternidadesemfronteiras.ch\\\/\"},{\"@type\":\"ListItem\",\"position\":2,\"name\":\"Centre de Chimbembe\"}]},{\"@type\":\"WebSite\",\"@id\":\"https:\\\/\\\/fraternidadesemfronteiras.ch\\\/#website\",\"url\":\"https:\\\/\\\/fraternidadesemfronteiras.ch\\\/\",\"name\":\"Fraternidade Sem Fronteiras\",\"description\":\"Somos uma organiza\u00e7\u00e3o humanit\u00e1ria que atua em alguns dos lugares mais pobres do planeta\",\"potentialAction\":[{\"@type\":\"SearchAction\",\"target\":{\"@type\":\"EntryPoint\",\"urlTemplate\":\"https:\\\/\\\/fraternidadesemfronteiras.ch\\\/?s={search_term_string}\"},\"query-input\":{\"@type\":\"PropertyValueSpecification\",\"valueRequired\":true,\"valueName\":\"search_term_string\"}}],\"inLanguage\":\"fr-FR\"}]}<\/script>\n<!-- \/ Yoast SEO plugin. -->","yoast_head_json":{"title":"Centre de Chimbembe - Fraternidade Sem Fronteiras","robots":{"index":"index","follow":"follow","max-snippet":"max-snippet:-1","max-image-preview":"max-image-preview:large","max-video-preview":"max-video-preview:-1"},"canonical":"https:\/\/fraternidadesemfronteiras.ch\/campanha\/centro-de-chimbembe\/","og_locale":"fr_FR","og_type":"article","og_title":"Centre de Chimbembe - Fraternidade Sem Fronteiras","og_description":"Le centre d\u2019accueil de Chimbembe, au Mozambique, a \u00e9t\u00e9 d\u00e9truit \u00e0 cause des fortes pluies et des vents violents. Dans ce centre, les enfants ont acc\u00e8s \u00e0 un repas par jour, \u00e0 de l\u2019eau, des activit\u00e9s culturelles, \u00e0 un accompagnement scolaire et \u00e0 l\u2019espoir d\u2019un avenir prosp\u00e8re. En cons\u00e9quence, les enfants mangent d\u00e9sormais sous les [&hellip;]","og_url":"https:\/\/fraternidadesemfronteiras.ch\/campanha\/centro-de-chimbembe\/","og_site_name":"Fraternidade Sem Fronteiras","article_modified_time":"2025-07-28T14:14:12+00:00","og_image":[{"width":843,"height":600,"url":"https:\/\/fraternidadesemfronteiras.ch\/wp-content\/uploads\/2025\/07\/Banner-2.webp","type":"image\/webp"}],"twitter_card":"summary_large_image","twitter_misc":{"Dur\u00e9e de lecture estim\u00e9e":"2 minutes"},"schema":{"@context":"https:\/\/schema.org","@graph":[{"@type":"WebPage","@id":"https:\/\/fraternidadesemfronteiras.ch\/campanha\/centro-de-chimbembe\/","url":"https:\/\/fraternidadesemfronteiras.ch\/campanha\/centro-de-chimbembe\/","name":"Centre de Chimbembe - Fraternidade Sem Fronteiras","isPartOf":{"@id":"https:\/\/fraternidadesemfronteiras.ch\/#website"},"primaryImageOfPage":{"@id":"https:\/\/fraternidadesemfronteiras.ch\/campanha\/centro-de-chimbembe\/#primaryimage"},"image":{"@id":"https:\/\/fraternidadesemfronteiras.ch\/campanha\/centro-de-chimbembe\/#primaryimage"},"thumbnailUrl":"https:\/\/fraternidadesemfronteiras.ch\/wp-content\/uploads\/2025\/07\/Banner-2.webp","datePublished":"2025-07-26T13:33:30+00:00","dateModified":"2025-07-28T14:14:12+00:00","breadcrumb":{"@id":"https:\/\/fraternidadesemfronteiras.ch\/campanha\/centro-de-chimbembe\/#breadcrumb"},"inLanguage":"fr-FR","potentialAction":[{"@type":"ReadAction","target":["https:\/\/fraternidadesemfronteiras.ch\/campanha\/centro-de-chimbembe\/"]}]},{"@type":"ImageObject","inLanguage":"fr-FR","@id":"https:\/\/fraternidadesemfronteiras.ch\/campanha\/centro-de-chimbembe\/#primaryimage","url":"https:\/\/fraternidadesemfronteiras.ch\/wp-content\/uploads\/2025\/07\/Banner-2.webp","contentUrl":"https:\/\/fraternidadesemfronteiras.ch\/wp-content\/uploads\/2025\/07\/Banner-2.webp","width":843,"height":600},{"@type":"BreadcrumbList","@id":"https:\/\/fraternidadesemfronteiras.ch\/campanha\/centro-de-chimbembe\/#breadcrumb","itemListElement":[{"@type":"ListItem","position":1,"name":"Home","item":"https:\/\/fraternidadesemfronteiras.ch\/"},{"@type":"ListItem","position":2,"name":"Centre de Chimbembe"}]},{"@type":"WebSite","@id":"https:\/\/fraternidadesemfronteiras.ch\/#website","url":"https:\/\/fraternidadesemfronteiras.ch\/","name":"Fraternidade Sem Fronteiras","description":"Somos uma organiza\u00e7\u00e3o humanit\u00e1ria que atua em alguns dos lugares mais pobres do planeta","potentialAction":[{"@type":"SearchAction","target":{"@type":"EntryPoint","urlTemplate":"https:\/\/fraternidadesemfronteiras.ch\/?s={search_term_string}"},"query-input":{"@type":"PropertyValueSpecification","valueRequired":true,"valueName":"search_term_string"}}],"inLanguage":"fr-FR"}]}},"_links":{"self":[{"href":"https:\/\/fraternidadesemfronteiras.ch\/fr\/wp-json\/wp\/v2\/campanha\/9295","targetHints":{"allow":["GET"]}}],"collection":[{"href":"https:\/\/fraternidadesemfronteiras.ch\/fr\/wp-json\/wp\/v2\/campanha"}],"about":[{"href":"https:\/\/fraternidadesemfronteiras.ch\/fr\/wp-json\/wp\/v2\/types\/campanha"}],"version-history":[{"count":10,"href":"https:\/\/fraternidadesemfronteiras.ch\/fr\/wp-json\/wp\/v2\/campanha\/9295\/revisions"}],"predecessor-version":[{"id":9349,"href":"https:\/\/fraternidadesemfronteiras.ch\/fr\/wp-json\/wp\/v2\/campanha\/9295\/revisions\/9349"}],"wp:featuredmedia":[{"embeddable":true,"href":"https:\/\/fraternidadesemfronteiras.ch\/fr\/wp-json\/wp\/v2\/media\/9297"}],"wp:attachment":[{"href":"https:\/\/fraternidadesemfronteiras.ch\/fr\/wp-json\/wp\/v2\/media?parent=9295"}],"curies":[{"name":"wp","href":"https:\/\/api.w.org\/{rel}","templated":true}]}}