{"id":9270,"date":"2025-07-26T10:33:30","date_gmt":"2025-07-26T13:33:30","guid":{"rendered":"https:\/\/fraternidadesemfronteiras.ch\/?post_type=campanha&#038;p=9270"},"modified":"2025-07-28T11:14:58","modified_gmt":"2025-07-28T14:14:58","slug":"zentrum-von-chimbembe","status":"publish","type":"campanha","link":"https:\/\/fraternidadesemfronteiras.ch\/de\/campanha\/zentrum-von-chimbembe\/","title":{"rendered":"Zentrum von Chimbembe"},"content":{"rendered":"\t\t<div data-elementor-type=\"wp-post\" data-elementor-id=\"9270\" class=\"elementor elementor-9270 elementor-9222\" data-elementor-post-type=\"campanha\">\n\t\t\t\t\t\t<section class=\"elementor-section elementor-top-section elementor-element elementor-element-b001b70 elementor-section-boxed elementor-section-height-default elementor-section-height-default\" data-id=\"b001b70\" data-element_type=\"section\" data-e-type=\"section\" data-settings=\"{&quot;background_background&quot;:&quot;classic&quot;}\">\n\t\t\t\t\t\t<div class=\"elementor-container elementor-column-gap-default\">\n\t\t\t\t\t<div class=\"elementor-column elementor-col-100 elementor-top-column elementor-element elementor-element-c2ee2fe\" data-id=\"c2ee2fe\" data-element_type=\"column\" data-e-type=\"column\">\n\t\t\t<div class=\"elementor-widget-wrap elementor-element-populated\">\n\t\t\t\t\t\t<div class=\"elementor-element elementor-element-069dfa7 elementor-widget elementor-widget-image\" data-id=\"069dfa7\" data-element_type=\"widget\" data-e-type=\"widget\" data-widget_type=\"image.default\">\n\t\t\t\t<div class=\"elementor-widget-container\">\n\t\t\t\t\t\t\t\t\t\t\t\t\t\t\t<img fetchpriority=\"high\" decoding=\"async\" width=\"800\" height=\"164\" src=\"https:\/\/fraternidadesemfronteiras.ch\/wp-content\/uploads\/2025\/07\/Ihre-Hilfe--1024x210.webp\" class=\"attachment-large size-large wp-image-9280\" alt=\"\" srcset=\"https:\/\/fraternidadesemfronteiras.ch\/wp-content\/uploads\/2025\/07\/Ihre-Hilfe--1024x210.webp 1024w, https:\/\/fraternidadesemfronteiras.ch\/wp-content\/uploads\/2025\/07\/Ihre-Hilfe--300x61.webp 300w, https:\/\/fraternidadesemfronteiras.ch\/wp-content\/uploads\/2025\/07\/Ihre-Hilfe--768x157.webp 768w, https:\/\/fraternidadesemfronteiras.ch\/wp-content\/uploads\/2025\/07\/Ihre-Hilfe--1536x314.webp 1536w, https:\/\/fraternidadesemfronteiras.ch\/wp-content\/uploads\/2025\/07\/Ihre-Hilfe--500x102.webp 500w, https:\/\/fraternidadesemfronteiras.ch\/wp-content\/uploads\/2025\/07\/Ihre-Hilfe--700x143.webp 700w, https:\/\/fraternidadesemfronteiras.ch\/wp-content\/uploads\/2025\/07\/Ihre-Hilfe-.webp 1608w\" sizes=\"(max-width: 800px) 100vw, 800px\" \/>\t\t\t\t\t\t\t\t\t\t\t\t\t\t\t<\/div>\n\t\t\t\t<\/div>\n\t\t\t\t<div class=\"elementor-element elementor-element-89f5558 elementor-widget elementor-widget-text-editor\" data-id=\"89f5558\" data-element_type=\"widget\" data-e-type=\"widget\" data-widget_type=\"text-editor.default\">\n\t\t\t\t<div class=\"elementor-widget-container\">\n\t\t\t\t\t\t\t\t\t<p>Die Notunterkunft Chimbembe in Mosambik wurde durch starke Regenf\u00e4lle und Winde zerst\u00f6rt. In diesem Zentrum haben die Kinder Zugang zu einer t\u00e4glichen Mahlzeit, Wasser, kulturellen Aktivit\u00e4ten, schulischer F\u00f6rderung und Hoffnung auf eine gl\u00fcckliche Zukunft.<\/p><p>Deshalb f\u00fcttern die Kinder unter den B\u00e4umen, und wenn wir sie nicht schnellstens wieder aufbauen, wird der Sommer miserabel werden.<\/p>\t\t\t\t\t\t\t\t<\/div>\n\t\t\t\t<\/div>\n\t\t\t\t\t<\/div>\n\t\t<\/div>\n\t\t\t\t\t<\/div>\n\t\t<\/section>\n\t\t\t\t<section class=\"elementor-section elementor-top-section elementor-element elementor-element-7bac996 elementor-section-boxed elementor-section-height-default elementor-section-height-default\" data-id=\"7bac996\" data-element_type=\"section\" data-e-type=\"section\" data-settings=\"{&quot;background_background&quot;:&quot;classic&quot;}\">\n\t\t\t\t\t\t<div class=\"elementor-container elementor-column-gap-default\">\n\t\t\t\t\t<div class=\"elementor-column elementor-col-100 elementor-top-column elementor-element elementor-element-a6f4d06\" data-id=\"a6f4d06\" data-element_type=\"column\" data-e-type=\"column\">\n\t\t\t<div class=\"elementor-widget-wrap elementor-element-populated\">\n\t\t\t\t\t\t<div class=\"elementor-element elementor-element-ecf8ad7 elementor-widget elementor-widget-image\" data-id=\"ecf8ad7\" data-element_type=\"widget\" data-e-type=\"widget\" data-widget_type=\"image.default\">\n\t\t\t\t<div class=\"elementor-widget-container\">\n\t\t\t\t\t\t\t\t\t\t\t\t\t\t\t<img decoding=\"async\" width=\"800\" height=\"121\" src=\"https:\/\/fraternidadesemfronteiras.ch\/wp-content\/uploads\/2025\/07\/GEMEINSAM-WERDEN-WIR-DAS-copia-1024x155.webp\" class=\"attachment-large size-large wp-image-9276\" alt=\"\" srcset=\"https:\/\/fraternidadesemfronteiras.ch\/wp-content\/uploads\/2025\/07\/GEMEINSAM-WERDEN-WIR-DAS-copia-1024x155.webp 1024w, https:\/\/fraternidadesemfronteiras.ch\/wp-content\/uploads\/2025\/07\/GEMEINSAM-WERDEN-WIR-DAS-copia-300x46.webp 300w, https:\/\/fraternidadesemfronteiras.ch\/wp-content\/uploads\/2025\/07\/GEMEINSAM-WERDEN-WIR-DAS-copia-768x117.webp 768w, https:\/\/fraternidadesemfronteiras.ch\/wp-content\/uploads\/2025\/07\/GEMEINSAM-WERDEN-WIR-DAS-copia-1536x233.webp 1536w, https:\/\/fraternidadesemfronteiras.ch\/wp-content\/uploads\/2025\/07\/GEMEINSAM-WERDEN-WIR-DAS-copia-500x76.webp 500w, https:\/\/fraternidadesemfronteiras.ch\/wp-content\/uploads\/2025\/07\/GEMEINSAM-WERDEN-WIR-DAS-copia-700x106.webp 700w, https:\/\/fraternidadesemfronteiras.ch\/wp-content\/uploads\/2025\/07\/GEMEINSAM-WERDEN-WIR-DAS-copia.webp 1766w\" sizes=\"(max-width: 800px) 100vw, 800px\" \/>\t\t\t\t\t\t\t\t\t\t\t\t\t\t\t<\/div>\n\t\t\t\t<\/div>\n\t\t\t\t<div class=\"elementor-element elementor-element-e207c6f elementor-widget elementor-widget-text-editor\" data-id=\"e207c6f\" data-element_type=\"widget\" data-e-type=\"widget\" data-widget_type=\"text-editor.default\">\n\t\t\t\t<div class=\"elementor-widget-container\">\n\t\t\t\t\t\t\t\t\t<p><span style=\"color: #ffcc00;\">Wir brauchen<\/span> 50.000 <span style=\"color: #ffcc00;\">Schweizer Franken (350.000 R$), um:<\/span><\/p><p>\u2022 Wiederherstellung von Zimmern und Essbereichen<\/p><p>\u2022 K\u00fcche und B\u00e4der zu renovieren<\/p>\t\t\t\t\t\t\t\t<\/div>\n\t\t\t\t<\/div>\n\t\t\t\t\t<\/div>\n\t\t<\/div>\n\t\t\t\t\t<\/div>\n\t\t<\/section>\n\t\t\t\t<section class=\"elementor-section elementor-top-section elementor-element elementor-element-57d230d elementor-section-boxed elementor-section-height-default elementor-section-height-default\" data-id=\"57d230d\" data-element_type=\"section\" data-e-type=\"section\" data-settings=\"{&quot;background_background&quot;:&quot;classic&quot;}\">\n\t\t\t\t\t\t<div class=\"elementor-container elementor-column-gap-default\">\n\t\t\t\t\t<div class=\"elementor-column elementor-col-100 elementor-top-column elementor-element elementor-element-4bef3f8\" data-id=\"4bef3f8\" data-element_type=\"column\" data-e-type=\"column\">\n\t\t\t<div class=\"elementor-widget-wrap elementor-element-populated\">\n\t\t\t\t\t\t<div class=\"elementor-element elementor-element-37b83a2 elementor-widget elementor-widget-image\" data-id=\"37b83a2\" data-element_type=\"widget\" data-e-type=\"widget\" data-widget_type=\"image.default\">\n\t\t\t\t<div class=\"elementor-widget-container\">\n\t\t\t\t\t\t\t\t\t\t\t\t\t\t\t<img decoding=\"async\" width=\"800\" height=\"441\" src=\"https:\/\/fraternidadesemfronteiras.ch\/wp-content\/uploads\/2025\/07\/Camada-5-1024x565.webp\" class=\"attachment-large size-large wp-image-9243\" alt=\"\" srcset=\"https:\/\/fraternidadesemfronteiras.ch\/wp-content\/uploads\/2025\/07\/Camada-5-1024x565.webp 1024w, https:\/\/fraternidadesemfronteiras.ch\/wp-content\/uploads\/2025\/07\/Camada-5-300x166.webp 300w, https:\/\/fraternidadesemfronteiras.ch\/wp-content\/uploads\/2025\/07\/Camada-5-768x424.webp 768w, https:\/\/fraternidadesemfronteiras.ch\/wp-content\/uploads\/2025\/07\/Camada-5-1536x848.webp 1536w, https:\/\/fraternidadesemfronteiras.ch\/wp-content\/uploads\/2025\/07\/Camada-5-2048x1131.webp 2048w, https:\/\/fraternidadesemfronteiras.ch\/wp-content\/uploads\/2025\/07\/Camada-5-500x276.webp 500w, https:\/\/fraternidadesemfronteiras.ch\/wp-content\/uploads\/2025\/07\/Camada-5-700x387.webp 700w\" sizes=\"(max-width: 800px) 100vw, 800px\" \/>\t\t\t\t\t\t\t\t\t\t\t\t\t\t\t<\/div>\n\t\t\t\t<\/div>\n\t\t\t\t<div class=\"elementor-element elementor-element-8157ec2 elementor-widget elementor-widget-image\" data-id=\"8157ec2\" data-element_type=\"widget\" data-e-type=\"widget\" data-widget_type=\"image.default\">\n\t\t\t\t<div class=\"elementor-widget-container\">\n\t\t\t\t\t\t\t\t\t\t\t\t\t\t\t<img loading=\"lazy\" decoding=\"async\" width=\"800\" height=\"178\" src=\"https:\/\/fraternidadesemfronteiras.ch\/wp-content\/uploads\/2025\/07\/Ihre-Hilfe-ist-unerlasslich--1024x228.webp\" class=\"attachment-large size-large wp-image-9284\" alt=\"\" srcset=\"https:\/\/fraternidadesemfronteiras.ch\/wp-content\/uploads\/2025\/07\/Ihre-Hilfe-ist-unerlasslich--1024x228.webp 1024w, https:\/\/fraternidadesemfronteiras.ch\/wp-content\/uploads\/2025\/07\/Ihre-Hilfe-ist-unerlasslich--300x67.webp 300w, https:\/\/fraternidadesemfronteiras.ch\/wp-content\/uploads\/2025\/07\/Ihre-Hilfe-ist-unerlasslich--768x171.webp 768w, https:\/\/fraternidadesemfronteiras.ch\/wp-content\/uploads\/2025\/07\/Ihre-Hilfe-ist-unerlasslich--500x111.webp 500w, https:\/\/fraternidadesemfronteiras.ch\/wp-content\/uploads\/2025\/07\/Ihre-Hilfe-ist-unerlasslich--700x156.webp 700w, https:\/\/fraternidadesemfronteiras.ch\/wp-content\/uploads\/2025\/07\/Ihre-Hilfe-ist-unerlasslich-.webp 1431w\" sizes=\"(max-width: 800px) 100vw, 800px\" \/>\t\t\t\t\t\t\t\t\t\t\t\t\t\t\t<\/div>\n\t\t\t\t<\/div>\n\t\t\t\t<div class=\"elementor-element elementor-element-2826f63 elementor-widget elementor-widget-text-editor\" data-id=\"2826f63\" data-element_type=\"widget\" data-e-type=\"widget\" data-widget_type=\"text-editor.default\">\n\t\t\t\t<div class=\"elementor-widget-container\">\n\t\t\t\t\t\t\t\t\t<p>\ud83c\udde7\ud83c\uddf7 Chave PIX<\/p>\t\t\t\t\t\t\t\t<\/div>\n\t\t\t\t<\/div>\n\t\t\t\t<div class=\"elementor-element elementor-element-b12e387 elementor-widget elementor-widget-text-editor\" data-id=\"b12e387\" data-element_type=\"widget\" data-e-type=\"widget\" data-widget_type=\"text-editor.default\">\n\t\t\t\t<div class=\"elementor-widget-container\">\n\t\t\t\t\t\t\t\t\t<p>iniciativamocambique@fraternidadesemfronteiras.org.br<\/p>\t\t\t\t\t\t\t\t<\/div>\n\t\t\t\t<\/div>\n\t\t\t\t<div class=\"elementor-element elementor-element-a827977 elementor-widget elementor-widget-text-editor\" data-id=\"a827977\" data-element_type=\"widget\" data-e-type=\"widget\" data-widget_type=\"text-editor.default\">\n\t\t\t\t<div class=\"elementor-widget-container\">\n\t\t\t\t\t\t\t\t\t<p>\ud83c\udde8\ud83c\udded spenden<\/p>\t\t\t\t\t\t\t\t<\/div>\n\t\t\t\t<\/div>\n\t\t\t\t<div class=\"elementor-element elementor-element-7ccdd87 elementor-align-center elementor-widget elementor-widget-button\" data-id=\"7ccdd87\" data-element_type=\"widget\" data-e-type=\"widget\" data-widget_type=\"button.default\">\n\t\t\t\t<div class=\"elementor-widget-container\">\n\t\t\t\t\t\t\t\t\t<div class=\"elementor-button-wrapper\">\n\t\t\t\t\t<a class=\"elementor-button elementor-button-link elementor-size-sm\" href=\"https:\/\/fraternidadesemfronteiras.ch\/de\/spendenformular\/\">\n\t\t\t\t\t\t<span class=\"elementor-button-content-wrapper\">\n\t\t\t\t\t\t\t\t\t<span class=\"elementor-button-text\">ICH M\u00d6CHTE BEITRAGEN<\/span>\n\t\t\t\t\t<\/span>\n\t\t\t\t\t<\/a>\n\t\t\t\t<\/div>\n\t\t\t\t\t\t\t\t<\/div>\n\t\t\t\t<\/div>\n\t\t\t\t<div class=\"elementor-element elementor-element-5d8bab9 elementor-widget elementor-widget-image\" data-id=\"5d8bab9\" data-element_type=\"widget\" data-e-type=\"widget\" data-widget_type=\"image.default\">\n\t\t\t\t<div class=\"elementor-widget-container\">\n\t\t\t\t\t\t\t\t\t\t\t\t\t\t\t<img loading=\"lazy\" decoding=\"async\" width=\"800\" height=\"242\" src=\"https:\/\/fraternidadesemfronteiras.ch\/wp-content\/uploads\/2025\/07\/Camada-5-1-1024x310.webp\" class=\"attachment-large size-large wp-image-9288\" alt=\"\" srcset=\"https:\/\/fraternidadesemfronteiras.ch\/wp-content\/uploads\/2025\/07\/Camada-5-1-1024x310.webp 1024w, https:\/\/fraternidadesemfronteiras.ch\/wp-content\/uploads\/2025\/07\/Camada-5-1-300x91.webp 300w, https:\/\/fraternidadesemfronteiras.ch\/wp-content\/uploads\/2025\/07\/Camada-5-1-768x233.webp 768w, https:\/\/fraternidadesemfronteiras.ch\/wp-content\/uploads\/2025\/07\/Camada-5-1-1536x465.webp 1536w, https:\/\/fraternidadesemfronteiras.ch\/wp-content\/uploads\/2025\/07\/Camada-5-1-500x151.webp 500w, https:\/\/fraternidadesemfronteiras.ch\/wp-content\/uploads\/2025\/07\/Camada-5-1-700x212.webp 700w, https:\/\/fraternidadesemfronteiras.ch\/wp-content\/uploads\/2025\/07\/Camada-5-1.webp 1539w\" sizes=\"(max-width: 800px) 100vw, 800px\" \/>\t\t\t\t\t\t\t\t\t\t\t\t\t\t\t<\/div>\n\t\t\t\t<\/div>\n\t\t\t\t<div class=\"elementor-element elementor-element-e09af21 elementor-widget elementor-widget-spacer\" data-id=\"e09af21\" data-element_type=\"widget\" data-e-type=\"widget\" data-widget_type=\"spacer.default\">\n\t\t\t\t<div class=\"elementor-widget-container\">\n\t\t\t\t\t\t\t<div class=\"elementor-spacer\">\n\t\t\t<div class=\"elementor-spacer-inner\"><\/div>\n\t\t<\/div>\n\t\t\t\t\t\t<\/div>\n\t\t\t\t<\/div>\n\t\t\t\t\t<\/div>\n\t\t<\/div>\n\t\t\t\t\t<\/div>\n\t\t<\/section>\n\t\t\t\t<\/div>\n\t\t","protected":false},"featured_media":9272,"template":"","class_list":["post-9270","campanha","type-campanha","status-publish","has-post-thumbnail","hentry"],"yoast_head":"<!-- This site is optimized with the Yoast SEO plugin v27.4 - https:\/\/yoast.com\/product\/yoast-seo-wordpress\/ -->\n<title>Zentrum von Chimbembe - Fraternidade Sem Fronteiras<\/title>\n<meta name=\"robots\" content=\"index, follow, max-snippet:-1, max-image-preview:large, max-video-preview:-1\" \/>\n<link rel=\"canonical\" href=\"https:\/\/fraternidadesemfronteiras.ch\/campanha\/centro-de-chimbembe\/\" \/>\n<meta property=\"og:locale\" content=\"de_DE\" \/>\n<meta property=\"og:type\" content=\"article\" \/>\n<meta property=\"og:title\" content=\"Zentrum von Chimbembe - Fraternidade Sem Fronteiras\" \/>\n<meta property=\"og:description\" content=\"Die Notunterkunft Chimbembe in Mosambik wurde durch starke Regenf\u00e4lle und Winde zerst\u00f6rt. In diesem Zentrum haben die Kinder Zugang zu einer t\u00e4glichen Mahlzeit, Wasser, kulturellen Aktivit\u00e4ten, schulischer F\u00f6rderung und Hoffnung auf eine gl\u00fcckliche Zukunft. Deshalb f\u00fcttern die Kinder unter den B\u00e4umen, und wenn wir sie nicht schnellstens wieder aufbauen, wird der Sommer miserabel werden. Wir [&hellip;]\" \/>\n<meta property=\"og:url\" content=\"https:\/\/fraternidadesemfronteiras.ch\/campanha\/centro-de-chimbembe\/\" \/>\n<meta property=\"og:site_name\" content=\"Fraternidade Sem Fronteiras\" \/>\n<meta property=\"article:modified_time\" content=\"2025-07-28T14:14:58+00:00\" \/>\n<meta property=\"og:image\" content=\"https:\/\/fraternidadesemfronteiras.ch\/wp-content\/uploads\/2025\/07\/Banner-1.webp\" \/>\n\t<meta property=\"og:image:width\" content=\"843\" \/>\n\t<meta property=\"og:image:height\" content=\"600\" \/>\n\t<meta property=\"og:image:type\" content=\"image\/webp\" \/>\n<meta name=\"twitter:card\" content=\"summary_large_image\" \/>\n<meta name=\"twitter:label1\" content=\"Gesch\u00e4tzte Lesezeit\" \/>\n\t<meta name=\"twitter:data1\" content=\"2\u00a0Minuten\" \/>\n<script type=\"application\/ld+json\" class=\"yoast-schema-graph\">{\"@context\":\"https:\\\/\\\/schema.org\",\"@graph\":[{\"@type\":\"WebPage\",\"@id\":\"https:\\\/\\\/fraternidadesemfronteiras.ch\\\/campanha\\\/centro-de-chimbembe\\\/\",\"url\":\"https:\\\/\\\/fraternidadesemfronteiras.ch\\\/campanha\\\/centro-de-chimbembe\\\/\",\"name\":\"Zentrum von Chimbembe - Fraternidade Sem Fronteiras\",\"isPartOf\":{\"@id\":\"https:\\\/\\\/fraternidadesemfronteiras.ch\\\/#website\"},\"primaryImageOfPage\":{\"@id\":\"https:\\\/\\\/fraternidadesemfronteiras.ch\\\/campanha\\\/centro-de-chimbembe\\\/#primaryimage\"},\"image\":{\"@id\":\"https:\\\/\\\/fraternidadesemfronteiras.ch\\\/campanha\\\/centro-de-chimbembe\\\/#primaryimage\"},\"thumbnailUrl\":\"https:\\\/\\\/fraternidadesemfronteiras.ch\\\/wp-content\\\/uploads\\\/2025\\\/07\\\/Banner-1.webp\",\"datePublished\":\"2025-07-26T13:33:30+00:00\",\"dateModified\":\"2025-07-28T14:14:58+00:00\",\"breadcrumb\":{\"@id\":\"https:\\\/\\\/fraternidadesemfronteiras.ch\\\/campanha\\\/centro-de-chimbembe\\\/#breadcrumb\"},\"inLanguage\":\"de\",\"potentialAction\":[{\"@type\":\"ReadAction\",\"target\":[\"https:\\\/\\\/fraternidadesemfronteiras.ch\\\/campanha\\\/centro-de-chimbembe\\\/\"]}]},{\"@type\":\"ImageObject\",\"inLanguage\":\"de\",\"@id\":\"https:\\\/\\\/fraternidadesemfronteiras.ch\\\/campanha\\\/centro-de-chimbembe\\\/#primaryimage\",\"url\":\"https:\\\/\\\/fraternidadesemfronteiras.ch\\\/wp-content\\\/uploads\\\/2025\\\/07\\\/Banner-1.webp\",\"contentUrl\":\"https:\\\/\\\/fraternidadesemfronteiras.ch\\\/wp-content\\\/uploads\\\/2025\\\/07\\\/Banner-1.webp\",\"width\":843,\"height\":600},{\"@type\":\"BreadcrumbList\",\"@id\":\"https:\\\/\\\/fraternidadesemfronteiras.ch\\\/campanha\\\/centro-de-chimbembe\\\/#breadcrumb\",\"itemListElement\":[{\"@type\":\"ListItem\",\"position\":1,\"name\":\"Home\",\"item\":\"https:\\\/\\\/fraternidadesemfronteiras.ch\\\/\"},{\"@type\":\"ListItem\",\"position\":2,\"name\":\"Zentrum von Chimbembe\"}]},{\"@type\":\"WebSite\",\"@id\":\"https:\\\/\\\/fraternidadesemfronteiras.ch\\\/#website\",\"url\":\"https:\\\/\\\/fraternidadesemfronteiras.ch\\\/\",\"name\":\"Fraternidade Sem Fronteiras\",\"description\":\"Somos uma organiza\u00e7\u00e3o humanit\u00e1ria que atua em alguns dos lugares mais pobres do planeta\",\"potentialAction\":[{\"@type\":\"SearchAction\",\"target\":{\"@type\":\"EntryPoint\",\"urlTemplate\":\"https:\\\/\\\/fraternidadesemfronteiras.ch\\\/?s={search_term_string}\"},\"query-input\":{\"@type\":\"PropertyValueSpecification\",\"valueRequired\":true,\"valueName\":\"search_term_string\"}}],\"inLanguage\":\"de\"}]}<\/script>\n<!-- \/ Yoast SEO plugin. -->","yoast_head_json":{"title":"Zentrum von Chimbembe - Fraternidade Sem Fronteiras","robots":{"index":"index","follow":"follow","max-snippet":"max-snippet:-1","max-image-preview":"max-image-preview:large","max-video-preview":"max-video-preview:-1"},"canonical":"https:\/\/fraternidadesemfronteiras.ch\/campanha\/centro-de-chimbembe\/","og_locale":"de_DE","og_type":"article","og_title":"Zentrum von Chimbembe - Fraternidade Sem Fronteiras","og_description":"Die Notunterkunft Chimbembe in Mosambik wurde durch starke Regenf\u00e4lle und Winde zerst\u00f6rt. In diesem Zentrum haben die Kinder Zugang zu einer t\u00e4glichen Mahlzeit, Wasser, kulturellen Aktivit\u00e4ten, schulischer F\u00f6rderung und Hoffnung auf eine gl\u00fcckliche Zukunft. Deshalb f\u00fcttern die Kinder unter den B\u00e4umen, und wenn wir sie nicht schnellstens wieder aufbauen, wird der Sommer miserabel werden. Wir [&hellip;]","og_url":"https:\/\/fraternidadesemfronteiras.ch\/campanha\/centro-de-chimbembe\/","og_site_name":"Fraternidade Sem Fronteiras","article_modified_time":"2025-07-28T14:14:58+00:00","og_image":[{"width":843,"height":600,"url":"https:\/\/fraternidadesemfronteiras.ch\/wp-content\/uploads\/2025\/07\/Banner-1.webp","type":"image\/webp"}],"twitter_card":"summary_large_image","twitter_misc":{"Gesch\u00e4tzte Lesezeit":"2\u00a0Minuten"},"schema":{"@context":"https:\/\/schema.org","@graph":[{"@type":"WebPage","@id":"https:\/\/fraternidadesemfronteiras.ch\/campanha\/centro-de-chimbembe\/","url":"https:\/\/fraternidadesemfronteiras.ch\/campanha\/centro-de-chimbembe\/","name":"Zentrum von Chimbembe - Fraternidade Sem Fronteiras","isPartOf":{"@id":"https:\/\/fraternidadesemfronteiras.ch\/#website"},"primaryImageOfPage":{"@id":"https:\/\/fraternidadesemfronteiras.ch\/campanha\/centro-de-chimbembe\/#primaryimage"},"image":{"@id":"https:\/\/fraternidadesemfronteiras.ch\/campanha\/centro-de-chimbembe\/#primaryimage"},"thumbnailUrl":"https:\/\/fraternidadesemfronteiras.ch\/wp-content\/uploads\/2025\/07\/Banner-1.webp","datePublished":"2025-07-26T13:33:30+00:00","dateModified":"2025-07-28T14:14:58+00:00","breadcrumb":{"@id":"https:\/\/fraternidadesemfronteiras.ch\/campanha\/centro-de-chimbembe\/#breadcrumb"},"inLanguage":"de","potentialAction":[{"@type":"ReadAction","target":["https:\/\/fraternidadesemfronteiras.ch\/campanha\/centro-de-chimbembe\/"]}]},{"@type":"ImageObject","inLanguage":"de","@id":"https:\/\/fraternidadesemfronteiras.ch\/campanha\/centro-de-chimbembe\/#primaryimage","url":"https:\/\/fraternidadesemfronteiras.ch\/wp-content\/uploads\/2025\/07\/Banner-1.webp","contentUrl":"https:\/\/fraternidadesemfronteiras.ch\/wp-content\/uploads\/2025\/07\/Banner-1.webp","width":843,"height":600},{"@type":"BreadcrumbList","@id":"https:\/\/fraternidadesemfronteiras.ch\/campanha\/centro-de-chimbembe\/#breadcrumb","itemListElement":[{"@type":"ListItem","position":1,"name":"Home","item":"https:\/\/fraternidadesemfronteiras.ch\/"},{"@type":"ListItem","position":2,"name":"Zentrum von Chimbembe"}]},{"@type":"WebSite","@id":"https:\/\/fraternidadesemfronteiras.ch\/#website","url":"https:\/\/fraternidadesemfronteiras.ch\/","name":"Fraternidade Sem Fronteiras","description":"Somos uma organiza\u00e7\u00e3o humanit\u00e1ria que atua em alguns dos lugares mais pobres do planeta","potentialAction":[{"@type":"SearchAction","target":{"@type":"EntryPoint","urlTemplate":"https:\/\/fraternidadesemfronteiras.ch\/?s={search_term_string}"},"query-input":{"@type":"PropertyValueSpecification","valueRequired":true,"valueName":"search_term_string"}}],"inLanguage":"de"}]}},"_links":{"self":[{"href":"https:\/\/fraternidadesemfronteiras.ch\/de\/wp-json\/wp\/v2\/campanha\/9270","targetHints":{"allow":["GET"]}}],"collection":[{"href":"https:\/\/fraternidadesemfronteiras.ch\/de\/wp-json\/wp\/v2\/campanha"}],"about":[{"href":"https:\/\/fraternidadesemfronteiras.ch\/de\/wp-json\/wp\/v2\/types\/campanha"}],"version-history":[{"count":10,"href":"https:\/\/fraternidadesemfronteiras.ch\/de\/wp-json\/wp\/v2\/campanha\/9270\/revisions"}],"predecessor-version":[{"id":9352,"href":"https:\/\/fraternidadesemfronteiras.ch\/de\/wp-json\/wp\/v2\/campanha\/9270\/revisions\/9352"}],"wp:featuredmedia":[{"embeddable":true,"href":"https:\/\/fraternidadesemfronteiras.ch\/de\/wp-json\/wp\/v2\/media\/9272"}],"wp:attachment":[{"href":"https:\/\/fraternidadesemfronteiras.ch\/de\/wp-json\/wp\/v2\/media?parent=9270"}],"curies":[{"name":"wp","href":"https:\/\/api.w.org\/{rel}","templated":true}]}}